{"id":4427,"date":"2018-11-27T21:38:54","date_gmt":"2018-11-28T01:38:54","guid":{"rendered":"http:\/\/mrcvs.tofudev.com\/developpement\/"},"modified":"2026-02-06T15:23:00","modified_gmt":"2026-02-06T20:23:00","slug":"development","status":"publish","type":"page","link":"https:\/\/mrcvs.ca\/en\/development\/","title":{"rendered":"Development"},"content":{"rendered":"<p>[et_pb_section fb_built=&#8221;1&#8243; fullwidth=&#8221;on&#8221; _builder_version=&#8221;4.16&#8243; background_color=&#8221;#38b449&#8243; custom_padding=&#8221;45px||45px|&#8221; global_colors_info=&#8221;{}&#8221;]<\/p>\n<p>[et_pb_fullwidth_code admin_label=&#8221;Ligne Verte&#8221; _builder_version=&#8221;4.16&#8243; global_colors_info=&#8221;{}&#8221;][\/et_pb_fullwidth_code]<\/p>\n<p>[\/et_pb_section][et_pb_section fb_built=&#8221;1&#8243; _builder_version=&#8221;4.16&#8243; background_image=&#8221;https:\/\/mrcvs.ca\/wp-content\/uploads\/2018\/11\/citoyens_slider_background-7.jpg&#8221; custom_margin=&#8221;0px||0px|&#8221; custom_padding=&#8221;0px||0px|&#8221; global_colors_info=&#8221;{}&#8221;][et_pb_row module_id=&#8221;header-slider&#8221; _builder_version=&#8221;4.16&#8243; width=&#8221;100%&#8221; max_width=&#8221;100%&#8221; custom_margin=&#8221;0px||0px|&#8221; custom_padding=&#8221;0px||0px|&#8221; use_custom_width=&#8221;on&#8221; width_unit=&#8221;off&#8221; custom_width_percent=&#8221;100%&#8221; global_colors_info=&#8221;{}&#8221;][et_pb_column type=&#8221;4_4&#8243; module_class=&#8221;render-slick-events&#8221; _builder_version=&#8221;4.16&#8243; custom_padding=&#8221;|||&#8221; global_colors_info=&#8221;{}&#8221; custom_padding__hover=&#8221;|||&#8221;][et_pb_text admin_label=&#8221;Slide 2&#8243; _builder_version=&#8221;4.16&#8243; text_text_color=&#8221;#ffffff&#8221; text_font_size=&#8221;13px&#8221; text_line_height=&#8221;1.3em&#8221; header_font=&#8221;Nunito|700|||||||&#8221; header_text_color=&#8221;#ffffff&#8221; header_font_size=&#8221;42pt&#8221; header_line_height=&#8221;0.9em&#8221; header_2_font=&#8221;Nunito|700|||||||&#8221; header_2_font_size=&#8221;32pt&#8221; header_3_font=&#8221;Nunito|700|||||||&#8221; header_3_font_size=&#8221;28pt&#8221; header_3_line_height=&#8221;1.1em&#8221; header_4_font=&#8221;Nunito|700|||||||&#8221; header_4_font_size=&#8221;23pt&#8221; background_image=&#8221;https:\/\/mrcvs.ca\/wp-content\/uploads\/2020\/05\/Developpement_slide_rev.png&#8221; module_alignment=&#8221;left&#8221; custom_css_main_element=&#8221;letter-spacing: 0.03em !important;&#8221; saved_tabs=&#8221;all&#8221; global_colors_info=&#8221;{}&#8221;]<\/p>\n<h1>Development<\/h1>\n<p><\/p>\n<p>The MRC works together with its partners to prioritize development in the region. Discover related funds as well.<\/p>\n<p>[\/et_pb_text][et_pb_text disabled_on=&#8221;on|on|on&#8221; admin_label=&#8221;Slide 1&#8243; module_class=&#8221;small-text&#8221; _builder_version=&#8221;4.16&#8243; text_text_color=&#8221;#ffffff&#8221; text_font_size=&#8221;13px&#8221; text_line_height=&#8221;1.3em&#8221; header_font=&#8221;Nunito|700|||||||&#8221; header_text_color=&#8221;#ffffff&#8221; header_font_size=&#8221;42pt&#8221; header_line_height=&#8221;0.9em&#8221; header_2_font=&#8221;Nunito|700|||||||&#8221; header_2_font_size=&#8221;32pt&#8221; header_3_font=&#8221;Nunito|700|||||||&#8221; header_3_font_size=&#8221;28pt&#8221; header_3_line_height=&#8221;1.1em&#8221; header_4_font=&#8221;Nunito|700|||||||&#8221; header_4_font_size=&#8221;23pt&#8221; background_image=&#8221;https:\/\/mrcvs.ca\/wp-content\/uploads\/2018\/08\/PLANIFIER-01.png&#8221; background_size=&#8221;contain&#8221; background_position=&#8221;center_right&#8221; module_alignment=&#8221;left&#8221; custom_css_main_element=&#8221;letter-spacing: 0.03em !important;&#8221; disabled=&#8221;on&#8221; saved_tabs=&#8221;all&#8221; global_colors_info=&#8221;{}&#8221;]<\/p>\n<h1>Development<\/h1>\n<p><\/p>\n<p>The Municipalit\u00e9 r\u00e9gionale de comt\u00e9 de Vaudreuil-Soulanges includes the 23 municipalities within its 855 km\u00b2 territory, which extends from \u00cele-Perrot up to the Ontario border. Its mission is to facilitate cooperation and planning as well as management of territory development according to the principles of sustainable development. The MRC centers its actions along four axes: Citizen Services, Municipality Services, Planning, and Development.<\/p>\n<p>[\/et_pb_text][et_pb_text admin_label=&#8221;Slide Fi\u00e8rement&#8221; module_id=&#8221;fierement-la-region&#8221; module_class=&#8221;small-text fierement-la-region&#8221; _builder_version=&#8221;4.16&#8243; text_text_color=&#8221;#ffffff&#8221; text_font_size=&#8221;13px&#8221; text_line_height=&#8221;1.3em&#8221; header_font=&#8221;Nunito|700|||||||&#8221; header_text_color=&#8221;#ffffff&#8221; header_font_size=&#8221;42pt&#8221; header_line_height=&#8221;0.9em&#8221; header_2_font=&#8221;Nunito|700|||||||&#8221; header_2_font_size=&#8221;32pt&#8221; header_3_font=&#8221;Nunito|700|||||||&#8221; header_3_font_size=&#8221;28pt&#8221; header_3_line_height=&#8221;1.1em&#8221; header_4_font=&#8221;Nunito|700|||||||&#8221; header_4_font_size=&#8221;23pt&#8221; background_image=&#8221;https:\/\/mrcvs.ca\/wp-content\/uploads\/2020\/08\/MRC-007_banner-fierementvs-1200-19-1024&#215;256-2.png&#8221; background_size=&#8221;initial&#8221; module_alignment=&#8221;left&#8221; custom_css_main_element=&#8221;letter-spacing: 0.03em !important;&#8221; saved_tabs=&#8221;all&#8221; global_colors_info=&#8221;{}&#8221;]<\/p>\n<p><a class=\"btn btn-decouvrir mt20\" href=\"https:\/\/mrcvs.ca\/en\/the-mrc\/the-region\/\">Discover<\/a><\/p>\n<p>[\/et_pb_text][\/et_pb_column][\/et_pb_row][\/et_pb_section][et_pb_section fb_built=&#8221;1&#8243; _builder_version=&#8221;4.16&#8243; background_color=&#8221;#f1f2f2&#8243; global_colors_info=&#8221;{}&#8221;][et_pb_row column_structure=&#8221;1_2,1_2&#8243; _builder_version=&#8221;4.16&#8243; global_colors_info=&#8221;{}&#8221;][et_pb_column type=&#8221;1_2&#8243; _builder_version=&#8221;4.16&#8243; custom_padding=&#8221;|||&#8221; global_colors_info=&#8221;{}&#8221; custom_padding__hover=&#8221;|||&#8221;][et_pb_text admin_label=&#8221;D\u00e9veloppement social durable Vaudreuil-Soulanges&#8221; module_class=&#8221;rectangle_lien rectangle_developpement small-text&#8221; _builder_version=&#8221;4.16&#8243; text_font=&#8221;Nunito|700|||||||&#8221; text_text_color=&#8221;#004a58&#8243; text_font_size=&#8221;23pt&#8221; text_line_height=&#8221;1.1em&#8221; link_font=&#8221;Nunito|700|||||||&#8221; link_text_color=&#8221;#ffffff&#8221; link_font_size=&#8221;23pt&#8221; link_line_height=&#8221;1.1em&#8221; header_font=&#8221;Nunito|700|||||||&#8221; header_font_size=&#8221;42pt&#8221; header_2_font=&#8221;Nunito|700|||||||&#8221; header_2_font_size=&#8221;32pt&#8221; header_3_font=&#8221;Nunito|700|||||||&#8221; header_3_text_color=&#8221;#ffffff&#8221; header_3_font_size=&#8221;23pt&#8221; header_3_line_height=&#8221;1.1em&#8221; header_4_font=&#8221;Nunito|700|||||||&#8221; header_4_font_size=&#8221;23pt&#8221; background_color=&#8221;#ffffff&#8221; background_size=&#8221;initial&#8221; background_position=&#8221;bottom_left&#8221; custom_margin=&#8221;0px|||&#8221; custom_padding=&#8221;20px|20px|50px|20px&#8221; link_option_url=&#8221;https:\/\/mrcvs.ca\/en\/planning\/sustainable-social-development\/politique-de-developpement-social-durable\/&#8221; z_index_tablet=&#8221;500&#8243; custom_css_main_element=&#8221;letter-spacing: 0.03em !important;&#8221; saved_tabs=&#8221;all&#8221; global_colors_info=&#8221;{}&#8221;]<\/p>\n<p><a href=\"https:\/\/mrcvs.ca\/en\/planning\/sustainable-social-development\/politique-de-developpement-social-durable\/\"><img loading=\"lazy\" decoding=\"async\" class=\"alignnone size-full wp-image-1609\" src=\"https:\/\/mrcvs.ca\/wp-content\/uploads\/2018\/11\/developpement_developpement-7.png\" alt=\"\" width=\"276\" height=\"134\" \/><\/a><\/p>\n<p><\/p>\n<h3>D\u00e9veloppement social durable Vaudreuil-Soulanges<\/h3>\n<p><\/p>\n<p style=\"font-weight: 400;\">The MRC de Vaudreuil-Soulanges is responsible for establishing the <em>Politique de d\u00e9veloppement social durable<\/em> which aims to improve the wellness and quality of life of citizens in the region.<\/p>\n<p>[\/et_pb_text][et_pb_text admin_label=&#8221;DEV Vaudreuil-Soulanges&#8221; module_class=&#8221;rectangle_lien rectangle_developpement small-text&#8221; _builder_version=&#8221;4.16&#8243; text_font=&#8221;Nunito|700|||||||&#8221; text_text_color=&#8221;#004a58&#8243; text_font_size=&#8221;29pt&#8221; text_line_height=&#8221;1em&#8221; link_font=&#8221;Nunito|700|||||||&#8221; link_text_color=&#8221;#ffffff&#8221; link_font_size=&#8221;23pt&#8221; link_line_height=&#8221;1.1em&#8221; header_font=&#8221;Nunito|700|||||||&#8221; header_font_size=&#8221;42pt&#8221; header_2_font=&#8221;Nunito|700|||||||&#8221; header_2_font_size=&#8221;32pt&#8221; header_3_font=&#8221;Nunito|700|||||||&#8221; header_3_text_color=&#8221;#ffffff&#8221; header_3_font_size=&#8221;23pt&#8221; header_3_line_height=&#8221;1.1em&#8221; header_4_font=&#8221;Nunito|700|||||||&#8221; header_4_font_size=&#8221;23pt&#8221; background_color=&#8221;#ffffff&#8221; background_size=&#8221;initial&#8221; background_position=&#8221;center_left&#8221; custom_margin=&#8221;30px|||&#8221; custom_padding=&#8221;20px|20px|50px|20px&#8221; link_option_url=&#8221;https:\/\/www.developpementvs.com&#8221; z_index_tablet=&#8221;500&#8243; custom_css_main_element=&#8221;letter-spacing: 0.03em !important;&#8221; saved_tabs=&#8221;all&#8221; global_colors_info=&#8221;{}&#8221;]<\/p>\n<p><a href=\"https:\/\/www.developpementvs.com\/\" target=\"_blank\" rel=\"noopener\"><img loading=\"lazy\" decoding=\"async\" class=\"alignnone wp-image-1607 size-full\" src=\"https:\/\/mrcvs.ca\/wp-content\/uploads\/2018\/11\/developpement_dev-6.png\" alt=\"\" width=\"292\" height=\"140\" \/><\/a><\/p>\n<p><\/p>\n<h3>DEV Vaudreuil-Soulanges<\/h3>\n<p><\/p>\n<p>D\u00e9veloppement Vaudreuil-Soulanges is a non-profit organization whose goal is to coordonate the different services for entrepreneurial aid as well as to promote industrial, commercial, touristic, rural, and agricultural development.<\/p>\n<p>[\/et_pb_text][et_pb_text admin_label=&#8221;Parc du canal de Soulanges&#8221; module_class=&#8221;rectangle_lien rectangle_developpement small-text&#8221; _builder_version=&#8221;4.22.1&#8243; text_font=&#8221;Nunito|700|||||||&#8221; text_text_color=&#8221;#004a58&#8243; text_font_size=&#8221;29pt&#8221; text_line_height=&#8221;1em&#8221; link_font=&#8221;Nunito|700|||||||&#8221; link_text_color=&#8221;#ffffff&#8221; link_font_size=&#8221;23pt&#8221; link_line_height=&#8221;1.1em&#8221; header_font=&#8221;Nunito|700|||||||&#8221; header_font_size=&#8221;42pt&#8221; header_2_font=&#8221;Nunito|700|||||||&#8221; header_2_font_size=&#8221;32pt&#8221; header_3_font=&#8221;Nunito|700|||||||&#8221; header_3_text_color=&#8221;#ffffff&#8221; header_3_font_size=&#8221;23pt&#8221; header_3_line_height=&#8221;1.1em&#8221; header_4_font=&#8221;Nunito|700|||||||&#8221; header_4_font_size=&#8221;23pt&#8221; background_color=&#8221;#ffffff&#8221; background_size=&#8221;initial&#8221; background_position=&#8221;center_left&#8221; custom_margin=&#8221;30px|||&#8221; custom_padding=&#8221;20px|20px|50px|20px&#8221; link_option_url=&#8221;https:\/\/canaldesoulanges.ca\/?lang=en&#8221; z_index_tablet=&#8221;500&#8243; custom_css_main_element=&#8221;letter-spacing: 0.03em !important;&#8221; saved_tabs=&#8221;all&#8221; global_colors_info=&#8221;{}&#8221;]<\/p>\n<p><a href=\"https:\/\/canaldesoulanges.ca\/?lang=en\" target=\"_blank\" rel=\"noopener noreferrer\"><img loading=\"lazy\" decoding=\"async\" class=\"wp-image-21898 alignnone size-full\" src=\"https:\/\/mrcvs.ca\/wp-content\/uploads\/2023\/10\/logo-PCDS.png\" alt=\"\" width=\"287\" height=\"94\" srcset=\"https:\/\/mrcvs.ca\/wp-content\/uploads\/2023\/10\/logo-PCDS.png 287w, https:\/\/mrcvs.ca\/wp-content\/uploads\/2023\/10\/logo-PCDS-300x98.png 300w, https:\/\/mrcvs.ca\/wp-content\/uploads\/2023\/10\/logo-PCDS-1024x335.png 1024w, https:\/\/mrcvs.ca\/wp-content\/uploads\/2023\/10\/logo-PCDS-1536x503.png 1536w, https:\/\/mrcvs.ca\/wp-content\/uploads\/2023\/10\/logo-PCDS-2048x670.png 2048w, https:\/\/mrcvs.ca\/wp-content\/uploads\/2023\/10\/logo-PCDS-1080x353.png 1080w\" sizes=\"(max-width: 287px) 100vw, 287px\" \/><\/a><\/p>\n<p><\/p>\n<h3>Parc du<br \/>canal de Soulanges<\/h3>\n<p><\/p>\n<p>The Parc du canal de Soulanges is a non-profit organization whose mission is to promote the heritage of the Soulanges Canal, through outdoor activities and culture. Through its many different projects, we wish to contribute to the identity and attractiveness of the Vaudreuil-Soulanges MRC, to local economy and the well-being of the community.<\/p>\n<p>[\/et_pb_text][\/et_pb_column][et_pb_column type=&#8221;1_2&#8243; _builder_version=&#8221;4.16&#8243; custom_padding=&#8221;|||&#8221; global_colors_info=&#8221;{}&#8221; custom_padding__hover=&#8221;|||&#8221;][et_pb_text admin_label=&#8221;Tourisme Vaudreuil-Soulanges&#8221; module_class=&#8221;rectangle_lien rectangle_developpement small-text&#8221; _builder_version=&#8221;4.16&#8243; text_font=&#8221;Nunito|700|||||||&#8221; text_text_color=&#8221;#004a58&#8243; text_font_size=&#8221;23pt&#8221; text_line_height=&#8221;1.1em&#8221; link_font=&#8221;Nunito|700|||||||&#8221; link_text_color=&#8221;#ffffff&#8221; link_font_size=&#8221;23pt&#8221; link_line_height=&#8221;1.1em&#8221; header_font=&#8221;Nunito|700|||||||&#8221; header_font_size=&#8221;42pt&#8221; header_2_font=&#8221;Nunito|700|||||||&#8221; header_2_font_size=&#8221;32pt&#8221; header_3_font=&#8221;Nunito|700|||||||&#8221; header_3_text_color=&#8221;#ffffff&#8221; header_3_font_size=&#8221;23pt&#8221; header_3_line_height=&#8221;1.1em&#8221; header_4_font=&#8221;Nunito|700|||||||&#8221; header_4_font_size=&#8221;23pt&#8221; background_color=&#8221;#ffffff&#8221; background_size=&#8221;initial&#8221; background_position=&#8221;center_left&#8221; custom_padding=&#8221;20px|20px|50px|20px&#8221; link_option_url=&#8221;https:\/\/tourismevaudreuil-soulanges.com\/en&#8221; z_index_tablet=&#8221;500&#8243; custom_css_main_element=&#8221;letter-spacing: 0.03em !important;&#8221; saved_tabs=&#8221;all&#8221; global_colors_info=&#8221;{}&#8221;]<\/p>\n<p><a href=\"https:\/\/explorevs.com\/\" target=\"_blank\" rel=\"noopener noreferrer\"><img loading=\"lazy\" decoding=\"async\" class=\"alignnone wp-image-1612 size-full\" src=\"https:\/\/mrcvs.ca\/wp-content\/uploads\/2018\/11\/developpement_vs-6.png\" alt=\"\" width=\"283\" height=\"121\" \/><\/a><\/p>\n<p><\/p>\n<h3>Explore Vaudreuil-Soulanges<\/h3>\n<p><\/p>\n<p>Explore Vaudreuil-Soulanges is a website that reflect the region\u2019s many attractions and allows tourists, citizens, and businesses to discover what to do, where to eat, and where to sleep in this vast and charming region.<\/p>\n<p>[\/et_pb_text][et_pb_text admin_label=&#8221;Conseil des arts et de la culture Vaudreuil-Soulanges&#8221; module_class=&#8221;rectangle_lien rectangle_developpement small-text&#8221; _builder_version=&#8221;4.16&#8243; text_font=&#8221;Nunito|700|||||||&#8221; text_text_color=&#8221;#004a58&#8243; text_font_size=&#8221;23pt&#8221; text_line_height=&#8221;1.1em&#8221; link_font=&#8221;Nunito|700|||||||&#8221; link_text_color=&#8221;#ffffff&#8221; link_font_size=&#8221;23pt&#8221; link_line_height=&#8221;1.1em&#8221; header_font=&#8221;Nunito|700|||||||&#8221; header_font_size=&#8221;42pt&#8221; header_2_font=&#8221;Nunito|700|||||||&#8221; header_2_font_size=&#8221;32pt&#8221; header_3_font=&#8221;Nunito|700|||||||&#8221; header_3_text_color=&#8221;#ffffff&#8221; header_3_font_size=&#8221;23pt&#8221; header_3_line_height=&#8221;1.1em&#8221; header_4_font=&#8221;Nunito|700|||||||&#8221; header_4_font_size=&#8221;23pt&#8221; background_color=&#8221;#ffffff&#8221; background_size=&#8221;initial&#8221; background_position=&#8221;center_left&#8221; custom_margin=&#8221;30px|||&#8221; custom_padding=&#8221;20px|20px|50px|20px&#8221; link_option_url=&#8221;https:\/\/www.artculturevs.ca&#8221; z_index_tablet=&#8221;500&#8243; custom_css_main_element=&#8221;letter-spacing: 0.03em !important;&#8221; saved_tabs=&#8221;all&#8221; global_colors_info=&#8221;{}&#8221;]<\/p>\n<p><a href=\"https:\/\/www.artculturevs.ca\/\" target=\"\u201d_blank\u201d\" rel=\"\u201dnoopener noopener\"><img loading=\"lazy\" decoding=\"async\" class=\"alignnone size-full wp-image-1608 size-full\" src=\" https:\/\/mrcvs.ca\/wp-content\/uploads\/2018\/11\/developpement_cacvs-6.png\" alt=\"\" width=\"268\" height=\"114\" \/><\/a><\/p>\n<p><\/p>\n<h3>Conseil des arts et de la culture Vaudreuil-Soulanges<\/h3>\n<p><\/p>\n<p style=\"font-weight: 400;\">The <em>Conseil des arts et de la culture de Vaudreuil-Soulanges<\/em> (CACVS) is the organization responsible for establishing the MRC de Vaudreuil-Soulanges\u2019 <em>Politique culturelle dans la voie du d\u00e9veloppement durable<\/em>.<\/p>\n<p>[\/et_pb_text][et_pb_text admin_label=&#8221;Office r\u00e9gional d&#8217;habitation de Vaudreuil-Soulanges&#8221; module_class=&#8221;rectangle_lien rectangle_developpement small-text&#8221; _builder_version=&#8221;4.22.1&#8243; text_font=&#8221;Nunito|700|||||||&#8221; text_text_color=&#8221;#004a58&#8243; text_font_size=&#8221;23pt&#8221; text_line_height=&#8221;1.1em&#8221; link_font=&#8221;Nunito|700|||||||&#8221; link_text_color=&#8221;#ffffff&#8221; link_font_size=&#8221;23pt&#8221; link_line_height=&#8221;1.1em&#8221; header_font=&#8221;Nunito|700|||||||&#8221; header_font_size=&#8221;42pt&#8221; header_2_font=&#8221;Nunito|700|||||||&#8221; header_2_font_size=&#8221;32pt&#8221; header_3_font=&#8221;Nunito|700|||||||&#8221; header_3_text_color=&#8221;#ffffff&#8221; header_3_font_size=&#8221;23pt&#8221; header_3_line_height=&#8221;1.1em&#8221; header_4_font=&#8221;Nunito|700|||||||&#8221; header_4_font_size=&#8221;23pt&#8221; background_color=&#8221;#ffffff&#8221; background_size=&#8221;initial&#8221; background_position=&#8221;center_left&#8221; custom_margin=&#8221;30px|||&#8221; custom_padding=&#8221;20px|20px|50px|20px&#8221; link_option_url=&#8221;https:\/\/mrcvs.ca\/en\/citizens\/housing\/#logement-social&#8221; z_index_tablet=&#8221;500&#8243; custom_css_main_element=&#8221;letter-spacing: 0.03em !important;&#8221; saved_tabs=&#8221;all&#8221; global_colors_info=&#8221;{}&#8221;]<\/p>\n<p><a href=\"https:\/\/www.orhvs.ca\/\"><img loading=\"lazy\" decoding=\"async\" class=\"wp-image-2841 alignnone\" src=\"https:\/\/mrcvs.ca\/wp-content\/uploads\/2018\/11\/ORH_VS_logoHor_PMS-6.png\" alt=\"\" width=\"288\" height=\"116\" \/><\/a><\/p>\n<p><\/p>\n<h3>Vaudreuil-Soulanges Regional Housing Office<\/h3>\n<p><\/p>\n<p>The Vaudreuil-Soulanges Regional Housing Office is the organization responsible for managing and administrating lodging and housing programs.\u00a0<em>Habitations \u00e0 loyer modique<\/em>\u00a0(HLM),\u00a0<em>Programme de suppl\u00e9ment au loyer<\/em>\u00a0(PSL),\u00a0<em>Logement abordable Qu\u00e9bec<\/em>\u00a0(LAQ),\u00a0<em>Service de r\u00e9f\u00e9rence<\/em>,\u00a0<em>Programme Acc\u00e8s Logis Qu\u00e9bec<\/em>.<\/p>\n<p>[\/et_pb_text][\/et_pb_column][\/et_pb_row][\/et_pb_section][et_pb_section fb_built=&#8221;1&#8243; module_id=&#8221;fond-de-developpement&#8221; module_class=&#8221;developpement-list&#8221; _builder_version=&#8221;4.16&#8243; background_image=&#8221;https:\/\/mrcvs.ca\/wp-content\/uploads\/2018\/11\/developement_section_nuages-6.png&#8221; background_size=&#8221;contain&#8221; background_position=&#8221;bottom_center&#8221; custom_padding=&#8221;||140px|&#8221; global_colors_info=&#8221;{}&#8221;][et_pb_row column_structure=&#8221;1_3,2_3&#8243; _builder_version=&#8221;4.16&#8243; background_size=&#8221;initial&#8221; background_position=&#8221;top_left&#8221; background_repeat=&#8221;repeat&#8221; global_colors_info=&#8221;{}&#8221;][et_pb_column type=&#8221;1_3&#8243; _builder_version=&#8221;4.16&#8243; custom_padding=&#8221;|||&#8221; global_colors_info=&#8221;{}&#8221; custom_padding__hover=&#8221;|||&#8221;][et_pb_text admin_label=&#8221;Fonds&#8221; _builder_version=&#8221;4.16&#8243; header_font=&#8221;Nunito|700|||||||&#8221; header_font_size=&#8221;42pt&#8221; header_2_font=&#8221;Nunito|700|||||||&#8221; header_2_text_color=&#8221;#004a58&#8243; header_2_font_size=&#8221;32pt&#8221; header_3_font=&#8221;Nunito|700|||||||&#8221; header_3_font_size=&#8221;28pt&#8221; header_3_line_height=&#8221;1.1em&#8221; header_4_font=&#8221;Nunito|700|||||||&#8221; header_4_font_size=&#8221;23pt&#8221; custom_css_main_element=&#8221;letter-spacing: 0.03em !important;&#8221; saved_tabs=&#8221;all&#8221; global_colors_info=&#8221;{}&#8221;]<\/p>\n<h2>Funds<\/h2>\n<p>[\/et_pb_text][\/et_pb_column][et_pb_column type=&#8221;2_3&#8243; _builder_version=&#8221;4.16&#8243; custom_padding=&#8221;|||&#8221; global_colors_info=&#8221;{}&#8221; custom_padding__hover=&#8221;|||&#8221;][et_pb_toggle title=&#8221;Fonds r\u00e9gions et ruralit\u00e9 (FRR)&#8221; icon_color=&#8221;#000000&#8243; open_icon_color=&#8221;#000000&#8243; admin_label=&#8221;Fonds de d\u00e9veloppement des territoires (FDT) &#8211; FRR&#8221; module_class=&#8221;toggle-developpement&#8221; _builder_version=&#8221;4.26.1&#8243; title_text_color=&#8221;#004a58&#8243; title_level=&#8221;h4&#8243; body_font_size=&#8221;13pt&#8221; body_line_height=&#8221;1.6em&#8221; background_color=&#8221;#f1f2f2&#8243; custom_padding=&#8221;40px|40px|40px|40px&#8221; hover_enabled=&#8221;0&#8243; z_index_tablet=&#8221;500&#8243; global_colors_info=&#8221;{}&#8221; sticky_enabled=&#8221;0&#8243;]<\/p>\n<p>Dans le cadre des dispositions de l\u2019entente \u00e0 conclure avec le minist\u00e8re des Affaires municipales et de l\u2019Habitation (MAMH) pour le Fonds r\u00e9gions et ruralit\u00e9 \u2014 volet 2 (2025-2027), la MRC de Vaudreuil-Soulanges est appel\u00e9e \u00e0 \u00e9tablir ses priorit\u00e9s pour l\u2019utilisation du Fonds R\u00e9gion et ruralit\u00e9 \u2014 Volet 2 (FRR) pour l\u2019ann\u00e9e transitoire allant du 31 mars 2025 au 31 mars 2026.<\/p>\n<p><\/p>\n<p>Les priorit\u00e9s de l\u2019ann\u00e9e transitoire se veulent en continuit\u00e9 avec celles identifi\u00e9es lors de l\u2019entente pr\u00e9c\u00e9dente pour le Fonds r\u00e9gions et ruralit\u00e9 \u2014 volet 2020-2024. Ces priorit\u00e9s doivent tout de m\u00eame se soumettre aux nouvelles normes identifi\u00e9es dans la pr\u00e9sente entente. Elles ont \u00e9t\u00e9 identifi\u00e9es \u00e0 partir d\u2019outils existants de planification tels que le Sch\u00e9ma d\u2019am\u00e9nagement en vigueur, le Plan de gestion des mati\u00e8res r\u00e9siduelles (PGMR), le Plan d\u2019action pour la r\u00e9duction des GES et la Politique de d\u00e9veloppement social durable et les planifications de D\u00e9veloppement (DEV) Vaudreuil-Soulanges.<\/p>\n<p><\/p>\n<p>Les priorit\u00e9s ne sont pas pr\u00e9sent\u00e9es par ordre d\u2019importance.<\/p>\n<p><\/p>\n<p><strong>A &#8211; Contribuer au d\u00e9veloppement \u00e9conomique du territoire de Vaudreuil-Soulanges<\/strong><\/p>\n<p><\/p>\n<p>Acteur interpell\u00e9 pour l\u2019utilisation du FRR : DEV.<\/p>\n<p><\/p>\n<p><em>Secteurs prioris\u00e9s : agri-agro, vitalit\u00e9 commerciale, industrie touristique, innovation technologique, logistique et transport, science de la vie et technologie de la sant\u00e9 et services aux entreprises.<\/em><\/p>\n<p><\/p>\n<ul>\n<li>Stimuler et soutenir l\u2019\u00e9mergence de projets entrepreneuriaux sur le territoire;<\/li>\n<li>Accompagner les entrepreneurs dans leurs projets \u00e0 tous les stades du d\u00e9veloppement de leur entreprise;<\/li>\n<li>Soutenir les projets des entrepreneurs et des entreprises par des programmes sous forme de pr\u00eat ou de contribution non remboursable;<\/li>\n<li>Encourager le d\u00e9marrage, le d\u00e9veloppement et la consolidation des initiatives d\u2019\u00e9conomie sociale;<\/li>\n<li>Contribuer au d\u00e9veloppement des savoirs et des connaissances des espaces \u00e9conomiques et des entreprises de Vaudreuil-Soulanges;<\/li>\n<li>Stimuler et soutenir le d\u00e9veloppement touristique dans Vaudreuil-Soulanges;<\/li>\n<li>Soutenir des initiatives et d\u00e9velopper des pratiques visant la promotion de l\u2019achat local;<\/li>\n<li>Positionner avantageusement le territoire par le biais d\u2019actions de prospection cibl\u00e9e.<\/li>\n<\/ul>\n<p><\/p>\n<p><strong><br \/>B- Poursuivre la mobilisation au sein des communaut\u00e9s visant l\u2019\u00e9mergence de projets structurants<\/strong><\/p>\n<p><\/p>\n<p>Acteurs interpell\u00e9s : MRC, DEV, municipalit\u00e9s locales, OBNL\/Coop\u00e9ratives, citoyens.<\/p>\n<p><\/p>\n<ul>\n<li>Soutenir l\u2019\u00e9mergence et la consolidation de projets collectifs visant l\u2019am\u00e9lioration de la qualit\u00e9 de vie de la population;<\/li>\n<li>Favoriser l\u2019\u00e9mergence d\u2019initiatives structurantes en d\u00e9veloppement social par le soutien \u00e0 la concertation et \u00e0 la mobilisation des acteurs locaux;<\/li>\n<li>D\u00e9velopper ou maintenir les outils d\u2019accompagnement et de soutien aux municipalit\u00e9s et \u00e0 leurs communaut\u00e9s (en privil\u00e9giant celles \u00e9tant jug\u00e9es d\u00e9savantag\u00e9es);<\/li>\n<li>Encourager les nouvelles initiatives en mettant \u00e0 la disposition des promoteurs un fonds pour soutenir leurs projets visant l\u2019am\u00e9lioration des conditions et milieux de vie.<\/li>\n<\/ul>\n<p><\/p>\n<p><strong><br \/>C- Favoriser le d\u00e9veloppement de projets structurants en lien avec les priorit\u00e9s d\u2019interventions territoriales identifi\u00e9es dans la Politique de d\u00e9veloppement social durable de Vaudreuil-Soulanges<\/strong><\/p>\n<p><\/p>\n<p>Acteurs interpell\u00e9s : MRC, DEV, municipalit\u00e9s locales, OBNL\/Coop\u00e9ratives, citoyens, autres institutions.<\/p>\n<p><\/p>\n<ul>\n<li>Soutenir les projets structurants concert\u00e9s et soutenus par les acteurs du milieu :<br \/>o Via les 7 chantiers sur les priorit\u00e9s de la Politique de d\u00e9veloppement social durable;<\/li>\n<li>Soutenir les initiatives visant \u00e0 renforcir l\u2019impact des acteurs du milieu sur la qualit\u00e9 de vie des populations.<\/li>\n<\/ul>\n<p><\/p>\n<p><strong>D &#8211; Soutenir l\u2019am\u00e9nagement du territoire<\/strong><\/p>\n<p><\/p>\n<p>Acteurs interpell\u00e9s pour l\u2019utilisation du FRR : MRC, DEV, municipalit\u00e9s locales, OBNL\/Coop\u00e9ratives.<\/p>\n<p><\/p>\n<ul>\n<li>Soutenir toute action en lien avec l\u2019am\u00e9nagement et le d\u00e9veloppement de son territoire. Sans \u00eatre limitatives, les actions peuvent comprendre la r\u00e9vision du sch\u00e9ma d\u2019am\u00e9nagement ou encore la gestion de projets en r\u00e9gie interne, support\u00e9s par des ressources professionnelles.<\/li>\n<\/ul>\n<p><\/p>\n<p><strong>Ressources financi\u00e8res du FRR et r\u00e9partition<\/strong><\/p>\n<p><\/p>\n<p>Le montant total du Fonds r\u00e9gions et ruralit\u00e9 \u2014 volet 2 de la MRC de Vaudreuil-Soulanges fut de 1 454 202 $ pour l\u2019entente 2024-2025. \u00c0 ce montant s\u2019ajoute 294 187 $ provenant de l\u2019entente 2023-2024.<br \/>Aucune entente sectorielle de d\u00e9veloppement local ou r\u00e9gional n\u2019a \u00e9t\u00e9 conclue avec des minist\u00e8res ou des organismes du gouvernement dans le but d\u2019accro\u00eetre le montant disponible dans le cadre de l\u2019enveloppe du FRR.<\/p>\n<p><\/p>\n<table style=\"width: 640.203px;\">\n<tbody>\n<tr>\n<td style=\"width: 121px;\"><strong>ORGANISATION<\/strong><\/td>\n<td style=\"width: 343px;\"><strong>TITRE DU PROJET<\/strong><\/td>\n<td style=\"width: 147.203px; text-align: center;\"><strong>MONTANT OCTROY\u00c9\u00a0<\/strong><\/td>\n<\/tr>\n<tr>\n<td style=\"width: 121px;\">D\u00e9veloppement Vaudreuil-Soulanges<\/td>\n<td style=\"width: 343px;\">\n<p><em>Soutien \u00e0 sa mission de d\u00e9veloppement local, incluant\u00a0:<\/em><\/p>\n<ul>\n<li><em>l\u2019entrepreneuriat et l\u2019\u00e9conomie sociale<\/em><\/li>\n<li><em>le soutien \u00e0 l\u2019innovation touristique<\/em><\/li>\n<li><em>la promotion des attraits touristiques<\/em><\/li>\n<li><em style=\"font-family: inherit; font-size: inherit;\">le soutien aux navettes fluviales r\u00e9gionales<\/em><\/li>\n<\/ul>\n<\/td>\n<td style=\"width: 147.203px; text-align: right;\">220 000 $<\/td>\n<\/tr>\n<tr>\n<td style=\"width: 121px;\">Municipalit\u00e9 R\u00e9gionale de Comt\u00e9 de Vaudreuil-Soulanges<\/td>\n<td style=\"width: 343px;\">Poursuivre la mobilisation au sein des communaut\u00e9s et encourager leurs initiatives : Fonds de d\u00e9veloppement des communaut\u00e9s (FDC) de la MRC<\/td>\n<td style=\"width: 147.203px; text-align: right;\">64 756 $<\/td>\n<\/tr>\n<tr>\n<td style=\"width: 121px;\">Municipalit\u00e9 R\u00e9gionale de Comt\u00e9 de Vaudreuil-Soulanges<\/td>\n<td style=\"width: 343px;\">Fonds disponibles au conseil de la MRC pour soutenir les projets structurants<\/td>\n<td style=\"width: 147.203px; text-align: right;\">426 668,66 $<\/td>\n<\/tr>\n<tr>\n<td style=\"width: 464px;\" colspan=\"2\"><strong>TOTAL DES PROJETS ACCEPT\u00c9S<\/strong><\/td>\n<td style=\"width: 147.203px; text-align: right;\"><strong>711 424,66 $\u00a0 \u00a0\u00a0<\/strong><\/td>\n<\/tr>\n<\/tbody>\n<\/table>\n<p><\/p>\n<p>Rapport d\u2019activit\u00e9 pour la p\u00e9riode du 1er janvier 2025 au 31 mars 2025.<\/p>\n<p><\/p>\n<p><strong>Rapports d&#8217;activit\u00e9s :<\/strong><\/p>\n<p><\/p>\n<ul>\n<li><a href=\"https:\/\/mrcvs.ca\/wp-content\/uploads\/2026\/01\/Rapport-annuel-dactivites-FRR-2025.pdf\" target=\"_blank\" rel=\"noopener\"><strong>FRR &#8211; Rapport d&#8217;activit\u00e9s 2025<\/strong><\/a><\/li>\n<li><a href=\"https:\/\/mrcvs.ca\/wp-content\/uploads\/2025\/06\/Rapport-annuel-dactivites-FRR-2024-Version-pour-publication.pdf\" target=\"_blank\" rel=\"noopener\"><strong>FRR &#8211; Rapport d&#8217;activit\u00e9s 2024<\/strong><\/a><\/li>\n<li><a href=\"https:\/\/mrcvs.ca\/wp-content\/uploads\/2024\/03\/3-Rapport-annuel-dactivites-FRR-2023.pdf\" target=\"_blank\" rel=\"noopener\"><strong>FDT &#8211; Rapport d&#8217;activit\u00e9s 2023<\/strong><\/a><\/li>\n<\/ul>\n<p>[\/et_pb_toggle][et_pb_toggle title=&#8221;Fonds de d\u00e9veloppement des communaut\u00e9s (FDC)&#8221; icon_color=&#8221;#000000&#8243; open_icon_color=&#8221;#000000&#8243; disabled_on=&#8221;off|off|off&#8221; admin_label=&#8221;Fonds de d\u00e9veloppement des communaut\u00e9s (FDC)&#8221; module_class=&#8221;toggle-developpement&#8221; _builder_version=&#8221;4.26.1&#8243; title_text_color=&#8221;#004a58&#8243; title_level=&#8221;h4&#8243; body_font_size=&#8221;13pt&#8221; body_line_height=&#8221;1.6em&#8221; background_color=&#8221;#f1f2f2&#8243; custom_padding=&#8221;40px|40px|40px|40px&#8221; z_index_tablet=&#8221;500&#8243; global_colors_info=&#8221;{}&#8221;]<\/p>\n<p>Le Fonds de d\u00e9veloppement des communaut\u00e9s est une nouvelle formule pour faciliter le soutien des projets visant l\u2019am\u00e9lioration de la qualit\u00e9 des divers milieux de vie de la MRC de Vaudreuil-Soulanges. Sous la forme d\u2019un guichet unique, le Fonds se veut avant tout la porte d\u2019entr\u00e9e pour les divers fonds g\u00e9r\u00e9s par la MRC (Fonds de d\u00e9veloppement des territoires, Fonds de la Politique de d\u00e9veloppement social durable, etc.) et disponibles aux initiatives des intervenants de la Politique de d\u00e9veloppement social durables (PDSD).<\/p>\n<p><\/p>\n<p>Nouvelles modalit\u00e9s \u00e0 venir<\/p>\n<p>[\/et_pb_toggle][et_pb_toggle title=&#8221;Fonds d\u2019appui au rayonnement des r\u00e9gions (FARR)&#8221; icon_color=&#8221;#000000&#8243; open_icon_color=&#8221;#000000&#8243; admin_label=&#8221;Fonds d\u2019appui au rayonnement des r\u00e9gions &#8211; VOLET 1&#8243; module_class=&#8221;toggle-developpement&#8221; _builder_version=&#8221;4.16&#8243; title_text_color=&#8221;#004a58&#8243; title_level=&#8221;h4&#8243; body_font_size=&#8221;13pt&#8221; body_line_height=&#8221;1.6em&#8221; background_color=&#8221;#f1f2f2&#8243; custom_padding=&#8221;40px|40px|40px|40px&#8221; global_colors_info=&#8221;{}&#8221;]<\/p>\n<p>Le volet 1 \u2013 Soutien au rayonnement des r\u00e9gions du FRR vise \u00e0 appuyer la r\u00e9alisation de projets mobilisateurs qui auront un impact sur le territoire de chacune des r\u00e9gions du Qu\u00e9bec. Ces projets sont choisis et prioris\u00e9s par un comit\u00e9 r\u00e9gional de s\u00e9lection en fonction des priorit\u00e9s de d\u00e9veloppement propres \u00e0 chaque r\u00e9gion figurant dans\u00a0<a href=\"https:\/\/www.mamh.gouv.qc.ca\/ovt\/strategie-gouvernementale\/\">la Strat\u00e9gie gouvernementale pour assurer l\u2019occupation et la vitalit\u00e9 des territoires 2018-2022<\/a>. Pour en savoir plus, visitez le : <strong><a href=\"http:\/\/Le volet 1 \u2013 Soutien au rayonnement des r\u00e9gions du FRR vise \u00e0 appuyer la r\u00e9alisation de projets mobilisateurs qui auront un impact sur le territoire de chacune des r\u00e9gions du Qu\u00e9bec. Ces projets sont choisis et prioris\u00e9s par un comit\u00e9 r\u00e9gional de s\u00e9lection en fonction des priorit\u00e9s de d\u00e9veloppement propres \u00e0 chaque r\u00e9gion figurant dans la Strat\u00e9gie gouvernementale pour assurer l\u2019occupation et la vitalit\u00e9 des territoires 2018-2022. Pour en savoir plus, visitez le : https:\/\/www.mamh.gouv.qc.ca\/developpement-territorial\/fonds-et-programmes\/fonds-regions-et-ruralite-frr\/volet-1-soutien-au-rayonnement-des-regions\/presentation\/\">https:\/\/www.mamh.gouv.qc.ca\/developpement-territorial\/fonds-et-programmes\/fonds-regions-et-ruralite-frr\/volet-1-soutien-au-rayonnement-des-regions\/presentation\/<\/a><\/strong> \u00a0<\/p>\n<p>[\/et_pb_toggle][et_pb_toggle title=&#8221;Alliances pour la solidarit\u00e9&#8221; icon_color=&#8221;#000000&#8243; open_icon_color=&#8221;#000000&#8243; admin_label=&#8221;Alliances pour la solidarit\u00e9&#8221; module_class=&#8221;toggle-developpement&#8221; _builder_version=&#8221;4.26.1&#8243; title_text_color=&#8221;#004a58&#8243; title_level=&#8221;h4&#8243; body_font_size=&#8221;13pt&#8221; body_line_height=&#8221;1.6em&#8221; background_color=&#8221;#f1f2f2&#8243; custom_padding=&#8221;40px|40px|40px|40px&#8221; global_colors_info=&#8221;{}&#8221;]<\/p>\n<p>L\u2019Alliance pour la solidarit\u00e9 de la Mont\u00e9r\u00e9gie se d\u00e9ploie gr\u00e2ce au Fonds qu\u00e9b\u00e9cois d\u2019initiatives sociales (FQIS), en collaboration avec le minist\u00e8re de l\u2019Emploi et de la Solidarit\u00e9 sociale (MESS). La Table de concertation r\u00e9gionale de la Mont\u00e9r\u00e9gie (TCRM) agit comme mandataire pour la gestion d\u2019une enveloppe de 10\u00a0490\u00a0658$ destin\u00e9s \u00e0 la mise en \u0153uvre de la mesure. \u00a0\u00a0L\u2019entente conclue entre le MESS et la TCRM permettra la r\u00e9alisation, d\u2019ici 2029, d\u2019initiatives concert\u00e9es et structurantes de lutte contre la pauvret\u00e9 initi\u00e9es ou prises en charge par des organismes de la Mont\u00e9r\u00e9gie. Un mode de d\u00e9ploiement en trois sous-r\u00e9gions a \u00e9t\u00e9 retenu par la TCRM et les partenaires.<\/p>\n<p><\/p>\n<p>Dans le cadre de cette initiative, le territoire de la MRC de Vaudreuil-Soulanges s&#8217;est vue attribu\u00e9 une enveloppe de <strong>737 943 $ <\/strong>pour soutenir des projets structurants visant \u00e0 r\u00e9duire la pauvret\u00e9 et l&#8217;exclusion sociale.<\/p>\n<p><\/p>\n<p><strong>Sp\u00e9cificit\u00e9s importantes<\/strong><\/p>\n<p><\/p>\n<p>Bien que cet appel \u00e0 projets couvre l&#8217;ensemble de la Mont\u00e9r\u00e9gie-Ouest, chaque MRC a travaill\u00e9 en collaboration avec Concertation Horizon pour adapter la d\u00e9marche \u00e0 la r\u00e9alit\u00e9 de son territoire. Il est donc important de noter que certaines sp\u00e9cificit\u00e9s peuvent varier d&#8217;un territoire \u00e0 l&#8217;autre.<\/p>\n<p><\/p>\n<p><strong>Pour Vaudreuil-Soulanges, les \u00e9l\u00e9ments distinctifs :<\/strong><\/p>\n<p><\/p>\n<p>Suite \u00e0 une consultation men\u00e9e aupr\u00e8s des partenaires du territoire de Vaudreuil-Soulanges,\u00a0il a \u00e9t\u00e9 convenu de mettre l\u2019accent sur l\u2019ancrage local. Ainsi, des <strong>points additionnels <\/strong>seront accord\u00e9s aux projets qui :\u00a0<\/p>\n<p><\/p>\n<ul>\n<li><strong>Rejoignent au moins l&#8217;une des 7 priorit\u00e9s de la <a href=\"https:\/\/mrcvs.ca\/wp-content\/uploads\/2019\/11\/Politique-de-d%C3%A9veloppement-social-durable_2019-11-06_LR.pdf\" data-auth=\"NotApplicable\" data-linkindex=\"0\">Politique de d\u00e9veloppement social durable (PDSD)<\/a><\/strong><a href=\"https:\/\/mrcvs.ca\/wp-content\/uploads\/2019\/11\/Politique-de-d%C3%A9veloppement-social-durable_2019-11-06_LR.pdf\" data-auth=\"NotApplicable\" data-linkindex=\"1\">\u00a0<\/a><strong>;<\/strong><\/li>\n<li><strong>S\u2019arriment\u00a0\u00e0 une ou plusieurs planifications\u00a0\u00e9labor\u00e9es par nos espaces de concertation en d\u00e9veloppement social ;<\/strong><\/li>\n<li><strong>Sont con\u00e7us de mani\u00e8re concert\u00e9e et mobilisent les forces, expertises et ressources du milieu ;<\/strong><\/li>\n<li><strong>Sont structurants pour le territoire.<\/strong><\/li>\n<\/ul>\n<p><\/p>\n<p>De plus, afin de maximiser l&#8217;impact local et la coh\u00e9sion de nos initiatives, la Table de d\u00e9veloppement social de Vaudreuil-Soulanges aura la responsabilit\u00e9 de valider l&#8217;ancrage territorial des projets lors du processus d&#8217;analyse sous-r\u00e9gional (Mont\u00e9r\u00e9gie-Ouest) mis en place par Concertation Horizon.<\/p>\n<p><\/p>\n<p><strong>Prochaines \u00e9tapes<\/strong><\/p>\n<p><\/p>\n<p>Comme pr\u00e9cis\u00e9 dans l&#8217;<a href=\"https:\/\/mrcvs.ca\/wp-content\/uploads\/2026\/01\/Infolettre-Alliance-solidarite-MRCVS.pdf\" target=\"_blank\" rel=\"noopener\">infolettre<\/a>, la p\u00e9riode officielle de d\u00e9p\u00f4t des projets se d\u00e9roulera du <strong>1er janvier au 31 mars 2026 <\/strong>via une plateforme en ligne d\u00e9di\u00e9e. Nous vous invitons \u00e0 consulter attentivement le <a href=\"https:\/\/mrcvs.ca\/wp-content\/uploads\/2026\/01\/Guide-de-de\u0301po\u0302t-Alliance.pdf\" target=\"_blank\" rel=\"noopener\">Guide de d\u00e9p\u00f4t de projet \u2013 Ouest de la Mont\u00e9r\u00e9gie<\/a> pour informations additionnelles.\u00a0<\/p>\n<p><\/p>\n<p>Source : <a href=\"https:\/\/monteregie.quebec\/ententes-et-projets\/alliance-pour-la-solidarite\/\" target=\"_blank\" rel=\"noopener\">Table de concertation r\u00e9gionale de la Mont\u00e9r\u00e9gie<\/a><\/p>\n<p>[\/et_pb_toggle][et_pb_text admin_label=&#8221;Programmes en culture&#8221; module_class=&#8221;toggle-developpement&#8221; _builder_version=&#8221;4.26.1&#8243; text_font_size=&#8221;13pt&#8221; text_line_height=&#8221;1.6em&#8221; header_font=&#8221;Nunito|700|||||||&#8221; header_font_size=&#8221;42pt&#8221; header_2_font=&#8221;Nunito|700|||||||&#8221; header_2_font_size=&#8221;32pt&#8221; header_3_font=&#8221;Nunito|700|||||||&#8221; header_3_font_size=&#8221;28pt&#8221; header_3_line_height=&#8221;1.1em&#8221; header_4_font=&#8221;Nunito|700|||||||&#8221; header_4_text_color=&#8221;#004a58&#8243; header_4_font_size=&#8221;23pt&#8221; background_color=&#8221;#f1f2f2&#8243; custom_margin=&#8221;||15px|&#8221; custom_padding=&#8221;40px|40px|0px|40px&#8221; link_option_url=&#8221;https:\/\/www.artculturevs.ca\/programmes.html&#8221; link_option_url_new_window=&#8221;on&#8221; custom_css_main_element=&#8221;letter-spacing: 0.03em !important;&#8221; saved_tabs=&#8221;all&#8221; global_colors_info=&#8221;{}&#8221;]<\/p>\n<h4><a href=\"https:\/\/www.artculturevs.ca\/programmes.html\" target=\"_blank\" rel=\"noopener\">Programmes en culture<\/a><\/h4>\n<p>[\/et_pb_text][et_pb_text admin_label=&#8221;Programmes en d\u00e9veloppement \u00e9conomique&#8221; module_class=&#8221;toggle-developpement&#8221; _builder_version=&#8221;4.26.1&#8243; text_font_size=&#8221;13pt&#8221; text_line_height=&#8221;1.6em&#8221; header_font=&#8221;Nunito|700|||||||&#8221; header_font_size=&#8221;42pt&#8221; header_2_font=&#8221;Nunito|700|||||||&#8221; header_2_font_size=&#8221;32pt&#8221; header_3_font=&#8221;Nunito|700|||||||&#8221; header_3_font_size=&#8221;28pt&#8221; header_3_line_height=&#8221;1.1em&#8221; header_4_font=&#8221;Nunito|700|||||||&#8221; header_4_text_color=&#8221;#004a58&#8243; header_4_font_size=&#8221;23pt&#8221; background_color=&#8221;#f1f2f2&#8243; custom_margin=&#8221;||15px|&#8221; custom_padding=&#8221;40px|40px|0px|40px&#8221; custom_css_main_element=&#8221;letter-spacing: 0.03em !important;&#8221; saved_tabs=&#8221;all&#8221; global_colors_info=&#8221;{}&#8221;]<\/p>\n<h4><a href=\"https:\/\/developpementvs.com\/programmes\/fonds-de-soutien-aux-attraits-et-entreprises-touristiques-fsaet\/\" target=\"_blank\" rel=\"noopener\">Programmes en d\u00e9veloppement \u00e9conomiques<\/a><\/h4>\n<p>[\/et_pb_text][\/et_pb_column][\/et_pb_row][\/et_pb_section][et_pb_section fb_built=&#8221;1&#8243; disabled_on=&#8221;off|off|off&#8221; module_class=&#8221;render-slick-blog parallax_M&#8221; _builder_version=&#8221;4.16&#8243; background_color=&#8221;#f1f1f1&#8243; global_colors_info=&#8221;{}&#8221;][et_pb_row _builder_version=&#8221;4.16&#8243; background_size=&#8221;initial&#8221; background_position=&#8221;top_left&#8221; background_repeat=&#8221;repeat&#8221; global_colors_info=&#8221;{}&#8221;][et_pb_column type=&#8221;4_4&#8243; _builder_version=&#8221;4.16&#8243; custom_padding=&#8221;|||&#8221; global_colors_info=&#8221;{}&#8221; custom_padding__hover=&#8221;|||&#8221;][et_pb_text admin_label=&#8221;Nouvelles&#8221; module_class=&#8221;titre_section&#8221; _builder_version=&#8221;4.16&#8243; header_font=&#8221;Nunito|700|||||||&#8221; header_text_color=&#8221;#375666&#8243; header_font_size=&#8221;42pt&#8221; header_2_font=&#8221;Nunito|700|||||||&#8221; header_2_text_align=&#8221;right&#8221; header_2_text_color=&#8221;#004a58&#8243; header_2_font_size=&#8221;32pt&#8221; header_3_font=&#8221;Nunito|700|||||||&#8221; header_3_font_size=&#8221;28pt&#8221; header_3_line_height=&#8221;1.1em&#8221; header_4_font=&#8221;Nunito|700|||||||&#8221; header_4_font_size=&#8221;23pt&#8221; custom_css_main_element=&#8221;letter-spacing: 0.03em !important;&#8221; saved_tabs=&#8221;all&#8221; global_colors_info=&#8221;{}&#8221;]<\/p>\n<h1>News\u00a0<img loading=\"lazy\" decoding=\"async\" class=\"alignnone size-full wp-image-634\" src=\"https:\/\/mrcvs.ca\/wp-content\/uploads\/2018\/11\/icon_message-5.png\" alt=\"\" width=\"53\" height=\"53\" \/><\/h1>\n<p>[\/et_pb_text][et_pb_blog posts_number=&#8221;9&#8243; meta_date=&#8221;j M Y&#8221; show_more=&#8221;on&#8221; show_author=&#8221;off&#8221; show_pagination=&#8221;off&#8221; module_class=&#8221;citoyens&#8221; _builder_version=&#8221;4.16&#8243; custom_margin=&#8221;40px|||&#8221; custom_padding=&#8221;0px|||&#8221; global_colors_info=&#8221;{}&#8221;][\/et_pb_blog][\/et_pb_column][\/et_pb_row][\/et_pb_section]<\/p>\n","protected":false},"excerpt":{"rendered":"<p>DevelopmentThe MRC works together with its partners to prioritize development in the region. Discover related funds as well. DevelopmentThe Municipalit\u00e9 r\u00e9gionale de comt\u00e9 de Vaudreuil-Soulanges includes the 23 municipalities within its 855 km\u00b2 territory, which extends from \u00cele-Perrot up to the Ontario border. Its mission is to facilitate cooperation and planning as well as management [&hellip;]<\/p>\n","protected":false},"author":5,"featured_media":0,"parent":0,"menu_order":116,"comment_status":"closed","ping_status":"closed","template":"","meta":{"_et_pb_use_builder":"on","_et_pb_old_content":"","_et_gb_content_width":"","footnotes":""},"yoast_head":"<!-- This site is optimized with the Yoast SEO plugin v23.0 - https:\/\/yoast.com\/wordpress\/plugins\/seo\/ -->\n<title>Development - MRC of Vaudreuil-Soulanges<\/title>\n<meta name=\"description\" content=\"The MRC de Vaudreuil-Soulanges works together with its partners to prioritize development in the region. Discover related funds as well.\" \/>\n<meta name=\"robots\" content=\"index, follow, max-snippet:-1, max-image-preview:large, max-video-preview:-1\" \/>\n<link rel=\"canonical\" href=\"https:\/\/mrcvs.ca\/developpement\/\" \/>\n<meta property=\"og:locale\" content=\"en_US\" \/>\n<meta property=\"og:type\" content=\"article\" \/>\n<meta property=\"og:title\" content=\"Development - MRC of Vaudreuil-Soulanges\" \/>\n<meta property=\"og:description\" content=\"The MRC de Vaudreuil-Soulanges works together with its partners to prioritize development in the region. Discover related funds as well.\" \/>\n<meta property=\"og:url\" content=\"https:\/\/mrcvs.ca\/developpement\/\" \/>\n<meta property=\"og:site_name\" content=\"MRC of Vaudreuil-Soulanges\" \/>\n<meta property=\"article:publisher\" content=\"https:\/\/www.facebook.com\/mrcvaudreuilsoulanges\/\" \/>\n<meta property=\"article:modified_time\" content=\"2026-02-06T20:23:00+00:00\" \/>\n<meta property=\"og:image\" content=\"https:\/\/mrcvs.ca\/wp-content\/uploads\/2018\/11\/developpement_developpement-7.png\" \/>\n<meta name=\"twitter:card\" content=\"summary_large_image\" \/>\n<meta name=\"twitter:label1\" content=\"Est. reading time\" \/>\n\t<meta name=\"twitter:data1\" content=\"14 minutes\" \/>\n<script type=\"application\/ld+json\" class=\"yoast-schema-graph\">{\"@context\":\"https:\/\/schema.org\",\"@graph\":[{\"@type\":\"WebPage\",\"@id\":\"https:\/\/mrcvs.ca\/developpement\/\",\"url\":\"https:\/\/mrcvs.ca\/developpement\/\",\"name\":\"Development - MRC of Vaudreuil-Soulanges\",\"isPartOf\":{\"@id\":\"https:\/\/mrcvs.ca\/#website\"},\"primaryImageOfPage\":{\"@id\":\"https:\/\/mrcvs.ca\/developpement\/#primaryimage\"},\"image\":{\"@id\":\"https:\/\/mrcvs.ca\/developpement\/#primaryimage\"},\"thumbnailUrl\":\"https:\/\/mrcvs.ca\/wp-content\/uploads\/2018\/11\/developpement_developpement-7.png\",\"datePublished\":\"2018-11-28T01:38:54+00:00\",\"dateModified\":\"2026-02-06T20:23:00+00:00\",\"description\":\"The MRC de Vaudreuil-Soulanges works together with its partners to prioritize development in the region. Discover related funds as well.\",\"breadcrumb\":{\"@id\":\"https:\/\/mrcvs.ca\/developpement\/#breadcrumb\"},\"inLanguage\":\"en-US\",\"potentialAction\":[{\"@type\":\"ReadAction\",\"target\":[\"https:\/\/mrcvs.ca\/developpement\/\"]}]},{\"@type\":\"ImageObject\",\"inLanguage\":\"en-US\",\"@id\":\"https:\/\/mrcvs.ca\/developpement\/#primaryimage\",\"url\":\"https:\/\/mrcvs.ca\/wp-content\/uploads\/2018\/11\/developpement_developpement-7.png\",\"contentUrl\":\"https:\/\/mrcvs.ca\/wp-content\/uploads\/2018\/11\/developpement_developpement-7.png\"},{\"@type\":\"BreadcrumbList\",\"@id\":\"https:\/\/mrcvs.ca\/developpement\/#breadcrumb\",\"itemListElement\":[{\"@type\":\"ListItem\",\"position\":1,\"name\":\"Accueil\",\"item\":\"https:\/\/mrcvs.ca\/en\/\"},{\"@type\":\"ListItem\",\"position\":2,\"name\":\"Development\"}]},{\"@type\":\"WebSite\",\"@id\":\"https:\/\/mrcvs.ca\/#website\",\"url\":\"https:\/\/mrcvs.ca\/\",\"name\":\"MRC de Vaudreuil-Soulanges\",\"description\":\"MRC of Vaudreuil-Soulanges \",\"publisher\":{\"@id\":\"https:\/\/mrcvs.ca\/#organization\"},\"potentialAction\":[{\"@type\":\"SearchAction\",\"target\":{\"@type\":\"EntryPoint\",\"urlTemplate\":\"https:\/\/mrcvs.ca\/?s={search_term_string}\"},\"query-input\":\"required name=search_term_string\"}],\"inLanguage\":\"en-US\"},{\"@type\":\"Organization\",\"@id\":\"https:\/\/mrcvs.ca\/#organization\",\"name\":\"MRC Vaudreuil-Soulanges\",\"url\":\"https:\/\/mrcvs.ca\/\",\"logo\":{\"@type\":\"ImageObject\",\"inLanguage\":\"en-US\",\"@id\":\"https:\/\/mrcvs.ca\/#\/schema\/logo\/image\/\",\"url\":\"https:\/\/mrcvs.ca\/wp-content\/uploads\/2018\/10\/MRC_VS_LOGO.png\",\"contentUrl\":\"https:\/\/mrcvs.ca\/wp-content\/uploads\/2018\/10\/MRC_VS_LOGO.png\",\"width\":1080,\"height\":460,\"caption\":\"MRC Vaudreuil-Soulanges\"},\"image\":{\"@id\":\"https:\/\/mrcvs.ca\/#\/schema\/logo\/image\/\"},\"sameAs\":[\"https:\/\/www.facebook.com\/mrcvaudreuilsoulanges\/\"]}]}<\/script>\n<!-- \/ Yoast SEO plugin. -->","yoast_head_json":{"title":"Development - MRC of Vaudreuil-Soulanges","description":"The MRC de Vaudreuil-Soulanges works together with its partners to prioritize development in the region. Discover related funds as well.","robots":{"index":"index","follow":"follow","max-snippet":"max-snippet:-1","max-image-preview":"max-image-preview:large","max-video-preview":"max-video-preview:-1"},"canonical":"https:\/\/mrcvs.ca\/developpement\/","og_locale":"en_US","og_type":"article","og_title":"Development - MRC of Vaudreuil-Soulanges","og_description":"The MRC de Vaudreuil-Soulanges works together with its partners to prioritize development in the region. Discover related funds as well.","og_url":"https:\/\/mrcvs.ca\/developpement\/","og_site_name":"MRC of Vaudreuil-Soulanges","article_publisher":"https:\/\/www.facebook.com\/mrcvaudreuilsoulanges\/","article_modified_time":"2026-02-06T20:23:00+00:00","og_image":[{"url":"https:\/\/mrcvs.ca\/wp-content\/uploads\/2018\/11\/developpement_developpement-7.png"}],"twitter_card":"summary_large_image","twitter_misc":{"Est. reading time":"14 minutes"},"schema":{"@context":"https:\/\/schema.org","@graph":[{"@type":"WebPage","@id":"https:\/\/mrcvs.ca\/developpement\/","url":"https:\/\/mrcvs.ca\/developpement\/","name":"Development - MRC of Vaudreuil-Soulanges","isPartOf":{"@id":"https:\/\/mrcvs.ca\/#website"},"primaryImageOfPage":{"@id":"https:\/\/mrcvs.ca\/developpement\/#primaryimage"},"image":{"@id":"https:\/\/mrcvs.ca\/developpement\/#primaryimage"},"thumbnailUrl":"https:\/\/mrcvs.ca\/wp-content\/uploads\/2018\/11\/developpement_developpement-7.png","datePublished":"2018-11-28T01:38:54+00:00","dateModified":"2026-02-06T20:23:00+00:00","description":"The MRC de Vaudreuil-Soulanges works together with its partners to prioritize development in the region. Discover related funds as well.","breadcrumb":{"@id":"https:\/\/mrcvs.ca\/developpement\/#breadcrumb"},"inLanguage":"en-US","potentialAction":[{"@type":"ReadAction","target":["https:\/\/mrcvs.ca\/developpement\/"]}]},{"@type":"ImageObject","inLanguage":"en-US","@id":"https:\/\/mrcvs.ca\/developpement\/#primaryimage","url":"https:\/\/mrcvs.ca\/wp-content\/uploads\/2018\/11\/developpement_developpement-7.png","contentUrl":"https:\/\/mrcvs.ca\/wp-content\/uploads\/2018\/11\/developpement_developpement-7.png"},{"@type":"BreadcrumbList","@id":"https:\/\/mrcvs.ca\/developpement\/#breadcrumb","itemListElement":[{"@type":"ListItem","position":1,"name":"Accueil","item":"https:\/\/mrcvs.ca\/en\/"},{"@type":"ListItem","position":2,"name":"Development"}]},{"@type":"WebSite","@id":"https:\/\/mrcvs.ca\/#website","url":"https:\/\/mrcvs.ca\/","name":"MRC de Vaudreuil-Soulanges","description":"MRC of Vaudreuil-Soulanges ","publisher":{"@id":"https:\/\/mrcvs.ca\/#organization"},"potentialAction":[{"@type":"SearchAction","target":{"@type":"EntryPoint","urlTemplate":"https:\/\/mrcvs.ca\/?s={search_term_string}"},"query-input":"required name=search_term_string"}],"inLanguage":"en-US"},{"@type":"Organization","@id":"https:\/\/mrcvs.ca\/#organization","name":"MRC Vaudreuil-Soulanges","url":"https:\/\/mrcvs.ca\/","logo":{"@type":"ImageObject","inLanguage":"en-US","@id":"https:\/\/mrcvs.ca\/#\/schema\/logo\/image\/","url":"https:\/\/mrcvs.ca\/wp-content\/uploads\/2018\/10\/MRC_VS_LOGO.png","contentUrl":"https:\/\/mrcvs.ca\/wp-content\/uploads\/2018\/10\/MRC_VS_LOGO.png","width":1080,"height":460,"caption":"MRC Vaudreuil-Soulanges"},"image":{"@id":"https:\/\/mrcvs.ca\/#\/schema\/logo\/image\/"},"sameAs":["https:\/\/www.facebook.com\/mrcvaudreuilsoulanges\/"]}]}},"_links":{"self":[{"href":"https:\/\/mrcvs.ca\/en\/wp-json\/wp\/v2\/pages\/4427"}],"collection":[{"href":"https:\/\/mrcvs.ca\/en\/wp-json\/wp\/v2\/pages"}],"about":[{"href":"https:\/\/mrcvs.ca\/en\/wp-json\/wp\/v2\/types\/page"}],"author":[{"embeddable":true,"href":"https:\/\/mrcvs.ca\/en\/wp-json\/wp\/v2\/users\/5"}],"replies":[{"embeddable":true,"href":"https:\/\/mrcvs.ca\/en\/wp-json\/wp\/v2\/comments?post=4427"}],"version-history":[{"count":5,"href":"https:\/\/mrcvs.ca\/en\/wp-json\/wp\/v2\/pages\/4427\/revisions"}],"predecessor-version":[{"id":29376,"href":"https:\/\/mrcvs.ca\/en\/wp-json\/wp\/v2\/pages\/4427\/revisions\/29376"}],"wp:attachment":[{"href":"https:\/\/mrcvs.ca\/en\/wp-json\/wp\/v2\/media?parent=4427"}],"curies":[{"name":"wp","href":"https:\/\/api.w.org\/{rel}","templated":true}]}}