{"id":12883,"date":"2022-12-06T16:15:53","date_gmt":"2022-12-06T21:15:53","guid":{"rendered":"https:\/\/mrcvs.ca\/?page_id=12883"},"modified":"2022-12-20T11:34:36","modified_gmt":"2022-12-20T16:34:36","slug":"ghg","status":"publish","type":"page","link":"https:\/\/mrcvs.ca\/en\/citizens\/environment\/ghg\/","title":{"rendered":"Greenhouse Gas (GHG)"},"content":{"rendered":"<p>[et_pb_section fb_built=&#8221;1&#8243; _builder_version=&#8221;4.16&#8243; background_color=&#8221;#38b449&#8243; custom_padding=&#8221;40px||0px|&#8221; collapsed=&#8221;off&#8221; global_colors_info=&#8221;{}&#8221;][et_pb_row _builder_version=&#8221;4.16&#8243; custom_padding=&#8221;0px||0px|&#8221; global_colors_info=&#8221;{}&#8221;][et_pb_column type=&#8221;4_4&#8243; _builder_version=&#8221;4.16&#8243; custom_padding=&#8221;|||&#8221; global_colors_info=&#8221;{}&#8221; custom_padding__hover=&#8221;|||&#8221;][et_pb_text admin_label=&#8221;Environnement&#8221; module_class=&#8221;smaller-text page-heading&#8221; _builder_version=&#8221;4.16&#8243; text_font_size=&#8221;11pt&#8221; text_line_height=&#8221;1.2em&#8221; header_font=&#8221;Nunito|700|||||||&#8221; header_text_color=&#8221;#ffffff&#8221; header_font_size=&#8221;42pt&#8221; header_2_font=&#8221;Nunito|700|||||||&#8221; header_2_font_size=&#8221;32pt&#8221; header_3_font=&#8221;Nunito|700|||||||&#8221; header_3_font_size=&#8221;28pt&#8221; header_3_line_height=&#8221;1.1em&#8221; header_4_font=&#8221;Nunito|700|||||||&#8221; header_4_font_size=&#8221;23pt&#8221; custom_css_main_element=&#8221;letter-spacing: 0.03em !important;&#8221; saved_tabs=&#8221;all&#8221; global_colors_info=&#8221;{}&#8221;]<\/p>\n<h1>Environment<\/h1>\n<p>[\/et_pb_text][\/et_pb_column][\/et_pb_row][\/et_pb_section][et_pb_section fb_built=&#8221;1&#8243; _builder_version=&#8221;4.19.1&#8243; background_color=&#8221;#FFFFFF&#8221; global_colors_info=&#8221;{}&#8221;][et_pb_row _builder_version=&#8221;4.16&#8243; background_size=&#8221;initial&#8221; background_position=&#8221;top_left&#8221; background_repeat=&#8221;repeat&#8221; global_colors_info=&#8221;{}&#8221;][et_pb_column type=&#8221;4_4&#8243; _builder_version=&#8221;4.16&#8243; custom_padding=&#8221;|||&#8221; global_colors_info=&#8221;{}&#8221; custom_padding__hover=&#8221;|||&#8221;][et_pb_text admin_label=&#8221;Actions GES&#8221; module_class=&#8221;small-text&#8221; _builder_version=&#8221;4.19.1&#8243; text_font_size=&#8221;13pt&#8221; text_line_height=&#8221;1.6em&#8221; header_font=&#8221;Nunito|700|||||||&#8221; header_font_size=&#8221;42pt&#8221; header_2_font=&#8221;Nunito|700|||||||&#8221; header_2_text_color=&#8221;#014a59&#8243; header_2_font_size=&#8221;32pt&#8221; header_3_font=&#8221;Nunito|700|||||||&#8221; header_3_font_size=&#8221;28pt&#8221; header_3_line_height=&#8221;1.1em&#8221; header_4_font=&#8221;Nunito|700|||||||&#8221; header_4_font_size=&#8221;23pt&#8221; custom_margin=&#8221;28px||||false|false&#8221; z_index_tablet=&#8221;500&#8243; custom_css_main_element=&#8221;letter-spacing: 0.03em !important;&#8221; saved_tabs=&#8221;all&#8221; global_colors_info=&#8221;{}&#8221;]<\/p>\n<h2>R\u00e9duire les gaz \u00e0 effet de serre (GES) dans Vaudreuil-Soulanges<\/h2>\n<p>[\/et_pb_text][\/et_pb_column][\/et_pb_row][et_pb_row column_structure=&#8221;2_3,1_3&#8243; _builder_version=&#8221;4.16&#8243; background_size=&#8221;initial&#8221; background_position=&#8221;top_left&#8221; background_repeat=&#8221;repeat&#8221; global_colors_info=&#8221;{}&#8221;][et_pb_column type=&#8221;2_3&#8243; _builder_version=&#8221;4.16&#8243; custom_padding=&#8221;|||&#8221; global_colors_info=&#8221;{}&#8221; custom_padding__hover=&#8221;|||&#8221;][et_pb_text admin_label=&#8221;GES&#8221; module_class=&#8221;small-text&#8221; _builder_version=&#8221;4.19.1&#8243; text_font_size=&#8221;13pt&#8221; text_line_height=&#8221;1.6em&#8221; header_font=&#8221;Nunito|700|||||||&#8221; header_font_size=&#8221;42pt&#8221; header_2_font=&#8221;Nunito|700|||||||&#8221; header_2_text_color=&#8221;#014a59&#8243; header_2_font_size=&#8221;32pt&#8221; header_3_font=&#8221;Nunito|700|||||||&#8221; header_3_font_size=&#8221;28pt&#8221; header_3_line_height=&#8221;1.1em&#8221; header_4_font=&#8221;Nunito|700|||||||&#8221; header_4_font_size=&#8221;23pt&#8221; z_index_tablet=&#8221;500&#8243; custom_css_main_element=&#8221;letter-spacing: 0.03em !important;&#8221; saved_tabs=&#8221;all&#8221; global_colors_info=&#8221;{}&#8221;]<\/p>\n<p>La MRC de Vaudreuil-Soulanges se pr\u00e9occupe des \u00e9missions de gaz \u00e0 effet de serre (GES) sur son territoire. Elle souhaite participer et contribuer activement aux efforts du Qu\u00e9bec, du Canada et d\u2019ailleurs dans le monde pour lutter contre les changements climatiques. Depuis 2017, la MRC de Vaudreuil-Soulanges est devenue membre du programme des Partenaires dans la protection du climat (PPC), un programme de la F\u00e9d\u00e9ration canadienne des municipalit\u00e9s (FCM) sur l\u2019att\u00e9nuation des gaz \u00e0 effet de serre (GES). Un\u00a0<a href=\"https:\/\/mrcvs.ca\/wp-content\/uploads\/2020\/06\/MRCVaudreuil-Soulanges_inventaireGES_2016_v2.finale-2020.pdf\" target=\"_blank\" rel=\"noopener noreferrer\"><strong>inventaire des \u00e9missions de GES<\/strong><\/a> a \u00e9t\u00e9 effectu\u00e9 sur le territoire de Vaudreuil-Soulanges selon les donn\u00e9es de 2016, ce qui a permis de compl\u00e9ter l\u2019\u00e9tape\u00a01 du programme PPC.<\/p>\n<p>[\/et_pb_text][\/et_pb_column][et_pb_column type=&#8221;1_3&#8243; _builder_version=&#8221;4.16&#8243; custom_padding=&#8221;|||&#8221; global_colors_info=&#8221;{}&#8221; custom_padding__hover=&#8221;|||&#8221;][et_pb_image src=&#8221;https:\/\/mrcvs.ca\/wp-content\/uploads\/2022\/09\/citoyen_environnement_GES.png&#8221; _builder_version=&#8221;4.16&#8243; animation_style=&#8221;slide&#8221; animation_direction=&#8221;left&#8221; global_colors_info=&#8221;{}&#8221;][\/et_pb_image][\/et_pb_column][\/et_pb_row][et_pb_row _builder_version=&#8221;4.16&#8243; background_size=&#8221;initial&#8221; background_position=&#8221;top_left&#8221; background_repeat=&#8221;repeat&#8221; global_colors_info=&#8221;{}&#8221;][et_pb_column type=&#8221;4_4&#8243; _builder_version=&#8221;4.16&#8243; custom_padding=&#8221;|||&#8221; global_colors_info=&#8221;{}&#8221; custom_padding__hover=&#8221;|||&#8221;][et_pb_text admin_label=&#8221;GES&#8221; module_class=&#8221;small-text&#8221; _builder_version=&#8221;4.19.1&#8243; text_font_size=&#8221;13pt&#8221; text_line_height=&#8221;1.6em&#8221; header_font=&#8221;Nunito|700|||||||&#8221; header_font_size=&#8221;42pt&#8221; header_2_font=&#8221;Nunito|700|||||||&#8221; header_2_text_color=&#8221;#014a59&#8243; header_2_font_size=&#8221;32pt&#8221; header_3_font=&#8221;Nunito|700|||||||&#8221; header_3_font_size=&#8221;28pt&#8221; header_3_line_height=&#8221;1.1em&#8221; header_4_font=&#8221;Nunito|700|||||||&#8221; header_4_font_size=&#8221;23pt&#8221; z_index_tablet=&#8221;500&#8243; custom_css_main_element=&#8221;letter-spacing: 0.03em !important;&#8221; saved_tabs=&#8221;all&#8221; global_colors_info=&#8221;{}&#8221;]<\/p>\n<p>Afin de compl\u00e9ter l\u2019\u00e9tape\u00a02 et l\u2019\u00e9tape\u00a03 du programme PPC, des consultations ont \u00e9t\u00e9 tenues aupr\u00e8s des municipalit\u00e9s, des \u00e9lus et des parties prenantes de la r\u00e9gion. Ces consultations, y compris un forum, ont permis de d\u00e9terminer l\u2019objectif r\u00e9gional de r\u00e9duction des \u00e9missions GES et d\u2019\u00e9laborer le <a href=\"https:\/\/mrcvs.ca\/wp-content\/uploads\/2021\/06\/Plan-action-GES-MRC-VS-FINAL-2019-10-31.pdf\" target=\"_blank\" rel=\"noopener noreferrer\"><strong>plan d\u2019action r\u00e9gional de r\u00e9duction des GES<\/strong><\/a>. Plus de 400 avis des parties prenantes des 23 municipalit\u00e9s, des groupes d\u2019int\u00e9r\u00eats \u00e9conomiques, sociaux, culturels et environnementaux ont \u00e9t\u00e9 pris en compte tout au long du processus de consultations (rencontres, sondage en ligne et forum) de 2018 \u00e0 janvier 2019. La MRC de Vaudreuil-Soulanges se donne, d\u2019ici 2026, un objectif de r\u00e9duction de 13\u00a0% des \u00e9missions de GES par rapport \u00e0 2016 (ann\u00e9e de r\u00e9f\u00e9rence). L\u2019objectif r\u00e9gional consiste \u00e0 r\u00e9duire de 100\u2009000 tonnes de CO<sub>2<\/sub>\u00a0\u00e9quivalent pour 2026 (ann\u00e9e cible) selon les \u00e9missions totales de GES en 2016.<\/p>\n<p>[\/et_pb_text][\/et_pb_column][\/et_pb_row][\/et_pb_section][et_pb_section fb_built=&#8221;1&#8243; module_id=&#8221;marche-au-ralenti&#8221; _builder_version=&#8221;4.19.1&#8243; background_color=&#8221;#f1f2f2&#8243; global_colors_info=&#8221;{}&#8221;][et_pb_row _builder_version=&#8221;4.16&#8243; background_size=&#8221;initial&#8221; background_position=&#8221;top_left&#8221; background_repeat=&#8221;repeat&#8221; global_colors_info=&#8221;{}&#8221;][et_pb_column type=&#8221;4_4&#8243; _builder_version=&#8221;4.16&#8243; custom_padding=&#8221;|||&#8221; global_colors_info=&#8221;{}&#8221; custom_padding__hover=&#8221;|||&#8221;][et_pb_text admin_label=&#8221;Marche au ralenti&#8221; module_class=&#8221;small-text&#8221; _builder_version=&#8221;4.19.1&#8243; text_font_size=&#8221;13pt&#8221; text_line_height=&#8221;1.6em&#8221; header_font=&#8221;Nunito|700|||||||&#8221; header_font_size=&#8221;42pt&#8221; header_2_font=&#8221;Nunito|700|||||||&#8221; header_2_text_color=&#8221;#014a59&#8243; header_2_font_size=&#8221;32pt&#8221; header_3_font=&#8221;Nunito|700|||||||&#8221; header_3_font_size=&#8221;28pt&#8221; header_3_line_height=&#8221;1.1em&#8221; header_4_font=&#8221;Nunito|700|||||||&#8221; header_4_font_size=&#8221;23pt&#8221; z_index_tablet=&#8221;500&#8243; custom_css_main_element=&#8221;letter-spacing: 0.03em !important;&#8221; saved_tabs=&#8221;all&#8221; global_colors_info=&#8221;{}&#8221;]<\/p>\n<h2>Action 1 &#8211; Marche au ralenti<\/h2>\n<p>[\/et_pb_text][et_pb_image src=&#8221;https:\/\/mrcvs.ca\/wp-content\/uploads\/2022\/12\/GES-action1-web.jpg&#8221; title_text=&#8221;GES-WEB&#8221; _builder_version=&#8221;4.19.1&#8243; custom_margin=&#8221;10px||||false|false&#8221; animation_style=&#8221;slide&#8221; animation_direction=&#8221;left&#8221; global_colors_info=&#8221;{}&#8221;][\/et_pb_image][\/et_pb_column][\/et_pb_row][et_pb_row _builder_version=&#8221;4.19.1&#8243; background_size=&#8221;initial&#8221; background_position=&#8221;top_left&#8221; background_repeat=&#8221;repeat&#8221; global_colors_info=&#8221;{}&#8221;][et_pb_column type=&#8221;4_4&#8243; _builder_version=&#8221;4.16&#8243; custom_padding=&#8221;|||&#8221; global_colors_info=&#8221;{}&#8221; custom_padding__hover=&#8221;|||&#8221;][et_pb_text admin_label=&#8221;Marche au ralenti&#8221; module_class=&#8221;small-text&#8221; _builder_version=&#8221;4.19.1&#8243; text_font_size=&#8221;13pt&#8221; text_line_height=&#8221;1.6em&#8221; header_font=&#8221;Nunito|700|||||||&#8221; header_font_size=&#8221;42pt&#8221; header_2_font=&#8221;Nunito|700|||||||&#8221; header_2_text_color=&#8221;#014a59&#8243; header_2_font_size=&#8221;32pt&#8221; header_3_font=&#8221;Nunito|700|||||||&#8221; header_3_font_size=&#8221;28pt&#8221; header_3_line_height=&#8221;1.1em&#8221; header_4_font=&#8221;Nunito|700|||||||&#8221; header_4_font_size=&#8221;23pt&#8221; z_index_tablet=&#8221;500&#8243; custom_css_main_element=&#8221;letter-spacing: 0.03em !important;&#8221; saved_tabs=&#8221;all&#8221; global_colors_info=&#8221;{}&#8221;]<\/p>\n<p><strong>L\u2019\u00e9coconduite est une approche de conduite qui permet la r\u00e9duction de la consommation de carburant par diverses mesures. Parmi celles-ci se trouve la diminution de la marche au ralenti qui consiste \u00e0 r\u00e9duire le temps o\u00f9 le moteur tourne sans que la voiture soit en mouvement. Ce geste permet aux citoyens de diminuer leurs \u00e9missions de gaz \u00e0 effet de serre (GES) sans avoir \u00e0 limiter leurs distances de d\u00e9placement, tout en occasionnant des \u00e9conomies sur la consommation d\u2019essence et de diesel.<\/strong><\/p>\n<h4><span style=\"color: #00a4b6;\"><strong>\u00c0 quoi \u00e7a \u00e9quivaut\u00a0?<\/strong><\/span><\/h4>\n<p>En moyenne, un v\u00e9hicule qui marche au ralenti pendant 10\u00a0minutes aura consomm\u00e9 0,3\u00a0litre de carburant fossile. Les Canadiens laissent en moyenne leur moteur tourner au ralenti pendant 7\u00a0minutes par jour. <sup>1<\/sup> Ainsi, 77\u00a0litres par an par conducteur sont gaspill\u00e9s et chaque litre d\u2019essence consomm\u00e9 produit 2,3\u00a0kgCO<sub>2<\/sub>\u00e9q. La MRC de Vaudreuil-Soulanges compte environ 114\u2009000 conducteurs<sup>2<\/sup>, ce qui repr\u00e9sente plus de 20\u2009000\u00a0tCO<sub>2<\/sub>\u00e9q par ann\u00e9e \u00e9mises par des v\u00e9hicules qui marchent au ralenti. Au Canada, une voiture parcourt en moyenne environ 13\u2009000\u00a0km par ann\u00e9e<sup>3<\/sup> et \u00e9met 0,236 kgCO<sub>2<\/sub>\u00e9q\/km<sup>4<\/sup>, ce qui \u00e9quivaut \u00e0 environ 3\u2009000\u00a0kgCO<sub>2<\/sub>\u00e9q. Si tous les conducteurs de la MRC coupaient leur moteur, ce serait l\u2019\u00e9quivalent d\u2019<strong>enlever 6\u2009600\u00a0voitures sur les routes\u2009<\/strong>!<\/p>\n<p>[\/et_pb_text][\/et_pb_column][\/et_pb_row][et_pb_row _builder_version=&#8221;4.19.1&#8243; background_size=&#8221;initial&#8221; background_position=&#8221;top_left&#8221; background_repeat=&#8221;repeat&#8221; global_colors_info=&#8221;{}&#8221;][et_pb_column type=&#8221;4_4&#8243; _builder_version=&#8221;4.16&#8243; custom_padding=&#8221;|||&#8221; global_colors_info=&#8221;{}&#8221; custom_padding__hover=&#8221;|||&#8221;][et_pb_text admin_label=&#8221;vrai-faux&#8221; module_class=&#8221;small-text&#8221; _builder_version=&#8221;4.19.1&#8243; text_font_size=&#8221;13pt&#8221; text_line_height=&#8221;1.6em&#8221; header_font=&#8221;Nunito|700|||||||&#8221; header_font_size=&#8221;42pt&#8221; header_2_font=&#8221;Nunito|700|||||||&#8221; header_2_text_color=&#8221;#014a59&#8243; header_2_font_size=&#8221;32pt&#8221; header_3_font=&#8221;Nunito|700|||||||&#8221; header_3_font_size=&#8221;28pt&#8221; header_3_line_height=&#8221;1.1em&#8221; header_4_font=&#8221;Nunito|700|||||||&#8221; header_4_font_size=&#8221;23pt&#8221; z_index_tablet=&#8221;500&#8243; custom_css_main_element=&#8221;letter-spacing: 0.03em !important;&#8221; saved_tabs=&#8221;all&#8221; global_colors_info=&#8221;{}&#8221;]<\/p>\n<h4><span style=\"color: #00a4b6;\"><strong>Vrai ou faux ?<\/strong><\/span><\/h4>\n<p>[\/et_pb_text][\/et_pb_column][\/et_pb_row][et_pb_row column_structure=&#8221;1_3,1_3,1_3&#8243; _builder_version=&#8221;4.19.1&#8243; background_size=&#8221;initial&#8221; background_position=&#8221;top_left&#8221; background_repeat=&#8221;repeat&#8221; custom_margin=&#8221;-20px||||false|false&#8221; global_colors_info=&#8221;{}&#8221;][et_pb_column type=&#8221;1_3&#8243; _builder_version=&#8221;4.16&#8243; custom_padding=&#8221;|||&#8221; global_colors_info=&#8221;{}&#8221; custom_padding__hover=&#8221;|||&#8221;][et_pb_toggle title=&#8221;Il est n\u00e9cessaire de laisser mon v\u00e9hicule en marche au ralenti pour r\u00e9chauffer le moteur en hiver.&#8221; admin_label=&#8221;\u00e9quivaut&#8221; _builder_version=&#8221;4.19.1&#8243; z_index_tablet=&#8221;500&#8243; global_colors_info=&#8221;{}&#8221;]<\/p>\n<p><strong>FAUX<\/strong>, <a href=\"https:\/\/www.rncan.gc.ca\/energie\/efficacite\/collectivites-infrastructures\/transports\/ralenti\/4464\">la marche au ralenti n\u2019est pas efficace pour chauffer le moteur<\/a>. Lors de grand froid, une marche au ralenti d\u2019environ 2 \u00e0 3\u00a0minutes suffit. Au-del\u00e0 de ce d\u00e9lai, le v\u00e9hicule peut \u00eatre chauff\u00e9 en le faisant rouler \u00e0 vitesse r\u00e9duite. Un chauffe-moteur peut \u00e9galement \u00eatre utilis\u00e9. <sup>1<\/sup><\/p>\n<p>[\/et_pb_toggle][\/et_pb_column][et_pb_column type=&#8221;1_3&#8243; _builder_version=&#8221;4.16&#8243; custom_padding=&#8221;|||&#8221; global_colors_info=&#8221;{}&#8221; custom_padding__hover=&#8221;|||&#8221;][et_pb_toggle title=&#8221;Il est pr\u00e9f\u00e9rable de red\u00e9marrer mon v\u00e9hicule plut\u00f4t que de le laisser en marche au ralenti.&#8221; admin_label=&#8221;\u00e9quivaut&#8221; _builder_version=&#8221;4.19.1&#8243; z_index_tablet=&#8221;500&#8243; global_colors_info=&#8221;{}&#8221;]<\/p>\n<p><strong>VRAI<\/strong>, on estime qu\u2019au-del\u00e0 d\u2019une minute de marche au ralenti, la consommation d\u2019essence d\u2019un moteur tournant au ralenti est <a href=\"https:\/\/www.rncan.gc.ca\/energie\/efficacite\/collectivites-infrastructures\/transports\/ralenti\/4464\">sup\u00e9rieure \u00e0 celle d\u2019un d\u00e9marrage<\/a>. En incluant les co\u00fbts associ\u00e9s \u00e0 l\u2019usure des pi\u00e8ces, apr\u00e8s de 10\u00a0secondes d\u2019arr\u00eat, il devient avantageux de couper son moteur. <sup>1<\/sup><\/p>\n<p>[\/et_pb_toggle][\/et_pb_column][et_pb_column type=&#8221;1_3&#8243; _builder_version=&#8221;4.16&#8243; custom_padding=&#8221;|||&#8221; global_colors_info=&#8221;{}&#8221; custom_padding__hover=&#8221;|||&#8221;][et_pb_toggle title=&#8221;L\u2019usage de la climatisation n\u2019a pas d\u2019impact sur ma consommation de carburant.&#8221; admin_label=&#8221;\u00e9quivaut&#8221; _builder_version=&#8221;4.19.1&#8243; z_index_tablet=&#8221;500&#8243; global_colors_info=&#8221;{}&#8221;]<\/p>\n<p><strong>FAUX<\/strong>, diminuer l\u2019usage de la climatisation en voiture est l\u2019une des <a href=\"https:\/\/saaq.gouv.qc.ca\/fileadmin\/documents\/publications\/trucs-ecoconduite-ralentir.pdf\">techniques d\u2019\u00e9coconduite<\/a> qui permet de r\u00e9duire la consommation de carburant et de minimiser son empreinte \u00e9cologique, tout comme r\u00e9duire sa vitesse, \u00e9viter les charges inutiles et faire un bon entretien de son v\u00e9hicule.<sup> 5<\/sup><\/p>\n<p>[\/et_pb_toggle][\/et_pb_column][\/et_pb_row][et_pb_row column_structure=&#8221;2_3,1_3&#8243; _builder_version=&#8221;4.19.1&#8243; background_size=&#8221;initial&#8221; background_position=&#8221;top_left&#8221; background_repeat=&#8221;repeat&#8221; global_colors_info=&#8221;{}&#8221;][et_pb_column type=&#8221;2_3&#8243; _builder_version=&#8221;4.16&#8243; custom_padding=&#8221;|||&#8221; global_colors_info=&#8221;{}&#8221; custom_padding__hover=&#8221;|||&#8221;][et_pb_toggle title=&#8221;Sources&#8221; admin_label=&#8221;Source&#8221; _builder_version=&#8221;4.19.1&#8243; z_index_tablet=&#8221;500&#8243; global_colors_info=&#8221;{}&#8221;]<\/p>\n<ol>\n<li>Ressources naturelles Canada, 2017. Marche au ralenti \u2014 Foire aux questions\u00a0https:\/\/www.rncan.gc.ca\/energie\/efficacite\/collectivites-infrastructures\/transports\/ralenti\/4464<\/li>\n<li>Soci\u00e9t\u00e9 de l\u2019assurance automobile du Qu\u00e9bec, 2021. Bilan routier, parc automobile et permis de conduire 2020. https:\/\/saaq.gouv.qc.ca\/fileadmin\/documents\/publications\/espace-recherche\/dossier-statistique-2020-bilan-routier.pdf<\/li>\n<li>Ressources naturelles Canada, 2022. Base de donn\u00e9es nationale sur la consommation d\u2019\u00e9nergie \u2014 Tableau\u00a021\u00a0: Variables explicatives des voitures\u00a0https:\/\/oee.nrcan.gc.ca\/organisme\/statistiques\/bnce\/apd\/showTable.cfm?type=CP&amp;sector=tran&amp;juris=qc&amp;rn=21&amp;page=0<\/li>\n<li>Gouvernement du Qu\u00e9bec, 2004, La r\u00e9duction des \u00e9missions de gaz \u00e0 effet de serre et l\u2019am\u00e9nagement du territoire. https:\/\/www.mamh.gouv.qc.ca\/fileadmin\/publications\/amenagement_territoire\/documentation\/guide_reduction_gaz.pdf<\/li>\n<li>Soci\u00e9t\u00e9 de l\u2019assurance automobile du Qu\u00e9bec. Sur la route, prenez le temps de ralentir. https:\/\/saaq.gouv.qc.ca\/fileadmin\/documents\/publications\/trucs-ecoconduite-ralentir.pdf<\/li>\n<\/ol>\n<p>[\/et_pb_toggle][\/et_pb_column][et_pb_column type=&#8221;1_3&#8243; _builder_version=&#8221;4.16&#8243; custom_padding=&#8221;|||&#8221; global_colors_info=&#8221;{}&#8221; custom_padding__hover=&#8221;|||&#8221;][et_pb_button button_url=&#8221;https:\/\/mrcvs.ca\/wp-content\/uploads\/2022\/12\/FicheGES_Action1-Marche-ralenti-MRCVS.pdf&#8221; url_new_window=&#8221;on&#8221; button_text=&#8221;T\u00e9l\u00e9charger la fiche&#8221; button_alignment=&#8221;left&#8221; admin_label=&#8221;Fiche&#8221; module_class=&#8221;btn-vert bouton&#8221; _builder_version=&#8221;4.19.1&#8243; custom_button=&#8221;on&#8221; button_text_size=&#8221;16pt&#8221; button_text_color=&#8221;#f1f2f2&#8243; button_bg_color=&#8221;#00a3b4&#8243; button_border_color=&#8221;#00a3b4&#8243; button_border_radius=&#8221;50px&#8221; button_letter_spacing=&#8221;3px&#8221; button_font=&#8221;Nunito|700|||||||&#8221; button_use_icon=&#8221;off&#8221; background_layout=&#8221;dark&#8221; custom_margin=&#8221;-20px||||false|false&#8221; custom_padding=&#8221;5px|60px|5px|60px&#8221; custom_css_main_element=&#8221;letter-spacing: 0.03em !important;&#8221; saved_tabs=&#8221;all&#8221; locked=&#8221;off&#8221; global_colors_info=&#8221;{}&#8221; button_text_size__hover_enabled=&#8221;off&#8221; button_text_size__hover=&#8221;null&#8221; button_one_text_size__hover_enabled=&#8221;off&#8221; button_one_text_size__hover=&#8221;null&#8221; button_two_text_size__hover_enabled=&#8221;off&#8221; button_two_text_size__hover=&#8221;null&#8221; button_text_color__hover_enabled=&#8221;on|hover&#8221; button_text_color__hover=&#8221;#00a3b4&#8243; button_one_text_color__hover_enabled=&#8221;off&#8221; button_one_text_color__hover=&#8221;null&#8221; button_two_text_color__hover_enabled=&#8221;off&#8221; button_two_text_color__hover=&#8221;null&#8221; button_border_width__hover_enabled=&#8221;off&#8221; button_border_width__hover=&#8221;null&#8221; button_one_border_width__hover_enabled=&#8221;off&#8221; button_one_border_width__hover=&#8221;null&#8221; button_two_border_width__hover_enabled=&#8221;off&#8221; button_two_border_width__hover=&#8221;null&#8221; button_border_color__hover_enabled=&#8221;on|desktop&#8221; button_border_color__hover=&#8221;#00a3b4&#8243; button_one_border_color__hover_enabled=&#8221;off&#8221; button_one_border_color__hover=&#8221;null&#8221; button_two_border_color__hover_enabled=&#8221;off&#8221; button_two_border_color__hover=&#8221;null&#8221; button_border_radius__hover_enabled=&#8221;on|hover&#8221; button_border_radius__hover=&#8221;50px&#8221; button_one_border_radius__hover_enabled=&#8221;off&#8221; button_one_border_radius__hover=&#8221;null&#8221; button_two_border_radius__hover_enabled=&#8221;off&#8221; button_two_border_radius__hover=&#8221;null&#8221; button_letter_spacing__hover_enabled=&#8221;on|hover&#8221; button_letter_spacing__hover=&#8221;3&#8243; button_one_letter_spacing__hover_enabled=&#8221;off&#8221; button_one_letter_spacing__hover=&#8221;null&#8221; button_two_letter_spacing__hover_enabled=&#8221;off&#8221; button_two_letter_spacing__hover=&#8221;null&#8221; button_bg_color__hover_enabled=&#8221;on|desktop&#8221; button_bg_color__hover=&#8221;#ffffff&#8221; button_one_bg_color__hover_enabled=&#8221;off&#8221; button_one_bg_color__hover=&#8221;null&#8221; button_two_bg_color__hover_enabled=&#8221;off&#8221; button_two_bg_color__hover=&#8221;null&#8221;][\/et_pb_button][\/et_pb_column][\/et_pb_row][\/et_pb_section][et_pb_section fb_built=&#8221;1&#8243; module_id=&#8221;covoiturage&#8221; _builder_version=&#8221;4.19.1&#8243; background_color=&#8221;#f1f2f2&#8243; global_colors_info=&#8221;{}&#8221;][et_pb_row _builder_version=&#8221;4.16&#8243; background_size=&#8221;initial&#8221; background_position=&#8221;top_left&#8221; background_repeat=&#8221;repeat&#8221; global_colors_info=&#8221;{}&#8221;][et_pb_column type=&#8221;4_4&#8243; _builder_version=&#8221;4.16&#8243; custom_padding=&#8221;|||&#8221; global_colors_info=&#8221;{}&#8221; custom_padding__hover=&#8221;|||&#8221;][et_pb_text admin_label=&#8221;Covoiturage&#8221; module_class=&#8221;small-text&#8221; _builder_version=&#8221;4.19.1&#8243; text_font_size=&#8221;13pt&#8221; text_line_height=&#8221;1.6em&#8221; header_font=&#8221;Nunito|700|||||||&#8221; header_font_size=&#8221;42pt&#8221; header_2_font=&#8221;Nunito|700|||||||&#8221; header_2_text_color=&#8221;#014a59&#8243; header_2_font_size=&#8221;32pt&#8221; header_3_font=&#8221;Nunito|700|||||||&#8221; header_3_font_size=&#8221;28pt&#8221; header_3_line_height=&#8221;1.1em&#8221; header_4_font=&#8221;Nunito|700|||||||&#8221; header_4_font_size=&#8221;23pt&#8221; z_index_tablet=&#8221;500&#8243; custom_css_main_element=&#8221;letter-spacing: 0.03em !important;&#8221; saved_tabs=&#8221;all&#8221; global_colors_info=&#8221;{}&#8221;]<\/p>\n<h2>Action 2 &#8211; Covoiturage<\/h2>\n<p>[\/et_pb_text][et_pb_image src=&#8221;https:\/\/mrcvs.ca\/wp-content\/uploads\/2022\/12\/GES-action2-web.jpg&#8221; title_text=&#8221;GES-WEB&#8221; _builder_version=&#8221;4.19.1&#8243; custom_margin=&#8221;10px||||false|false&#8221; animation_style=&#8221;slide&#8221; animation_direction=&#8221;left&#8221; global_colors_info=&#8221;{}&#8221;][\/et_pb_image][\/et_pb_column][\/et_pb_row][et_pb_row _builder_version=&#8221;4.19.1&#8243; background_size=&#8221;initial&#8221; background_position=&#8221;top_left&#8221; background_repeat=&#8221;repeat&#8221; global_colors_info=&#8221;{}&#8221;][et_pb_column type=&#8221;4_4&#8243; _builder_version=&#8221;4.16&#8243; custom_padding=&#8221;|||&#8221; global_colors_info=&#8221;{}&#8221; custom_padding__hover=&#8221;|||&#8221;][et_pb_text admin_label=&#8221;Covoiturage&#8221; module_class=&#8221;small-text&#8221; _builder_version=&#8221;4.19.1&#8243; text_font_size=&#8221;13pt&#8221; text_line_height=&#8221;1.6em&#8221; header_font=&#8221;Nunito|700|||||||&#8221; header_font_size=&#8221;42pt&#8221; header_2_font=&#8221;Nunito|700|||||||&#8221; header_2_text_color=&#8221;#014a59&#8243; header_2_font_size=&#8221;32pt&#8221; header_3_font=&#8221;Nunito|700|||||||&#8221; header_3_font_size=&#8221;28pt&#8221; header_3_line_height=&#8221;1.1em&#8221; header_4_font=&#8221;Nunito|700|||||||&#8221; header_4_font_size=&#8221;23pt&#8221; z_index_tablet=&#8221;500&#8243; custom_css_main_element=&#8221;letter-spacing: 0.03em !important;&#8221; saved_tabs=&#8221;all&#8221; global_colors_info=&#8221;{}&#8221;]<\/p>\n<p><strong>Puisque le transport \u00e9quivaut \u00e0 76\u00a0% des \u00e9missions de la collectivit\u00e9 de la MRC de Vaudreuil-Soulanges, le covoiturage s\u2019av\u00e8re une option de choix quant aux efforts visant \u00e0 minimiser les \u00e9missions de gaz \u00e0 effet de serre (GES). Sur le territoire, une grande partie des d\u00e9placements pendulaires s\u2019effectuent vers Montr\u00e9al, ce qui repr\u00e9sente une opportunit\u00e9 afin de combiner les d\u00e9placements plus facilement. Le covoiturage est une pratique qui diminue la consommation d\u2019essence en r\u00e9duisant le nombre de v\u00e9hicules sur les routes. En plus de baisser les \u00e9missions de GES li\u00e9es au transport, cela permet d\u2019\u00e9conomiser sur les frais d\u2019utilisation d\u2019un v\u00e9hicule et de stationnement.<\/strong><\/p>\n<h4><span style=\"color: #38b449;\"><strong>\u00c0 quoi \u00e7a \u00e9quivaut\u00a0?<\/strong><\/span><\/h4>\n<p>La MRC de Vaudreuil-Soulanges compte environ 114\u2009000\u00a0conducteurs<sup>1<\/sup> qui parcourent en moyenne 22\u00a0km par jour pour se rendre au travail. Si ceux-ci commen\u00e7aient \u00e0 covoiturer 2\u00a0jours par semaine pendant 50\u00a0semaines par ann\u00e9e, et qu\u2019une voiture \u00e9met 0,236\u00a0kgCO<sub>2<\/sub>\u00e9q\/km\/passager en auto\u00a0solo<sup>2<\/sup>, on pourrait r\u00e9duire de 30\u2009000\u00a0tCO<sub>2<\/sub>\u00e9q les \u00e9missions de GES de la MRC chaque ann\u00e9e. Un vol aller-retour Montr\u00e9al-Paris \u00e9met 1,5 tCO<sub>2<\/sub>\u00e9q\/passager<sup>3<\/sup>, compte environ 440\u00a0places<sup>4<\/sup> et est rempli en moyenne \u00e0 80\u00a0%\u00a0<sup>5<\/sup>, ainsi, le vol d\u2019un avion \u00e9met 528\u00a0tCO<sub>2<\/sub>\u00e9q par vol. Opter pour le co-voiturage <strong>permet d\u2019\u00e9viter les \u00e9missions associ\u00e9es \u00e0 l\u2019\u00e9quivalent de 51\u00a0vols par ann\u00e9e<\/strong>.<\/p>\n<p>[\/et_pb_text][\/et_pb_column][\/et_pb_row][et_pb_row _builder_version=&#8221;4.19.1&#8243; background_size=&#8221;initial&#8221; background_position=&#8221;top_left&#8221; background_repeat=&#8221;repeat&#8221; global_colors_info=&#8221;{}&#8221;][et_pb_column type=&#8221;4_4&#8243; _builder_version=&#8221;4.16&#8243; custom_padding=&#8221;|||&#8221; global_colors_info=&#8221;{}&#8221; custom_padding__hover=&#8221;|||&#8221;][et_pb_text admin_label=&#8221;vrai-faux&#8221; module_class=&#8221;small-text&#8221; _builder_version=&#8221;4.19.1&#8243; text_font_size=&#8221;13pt&#8221; text_line_height=&#8221;1.6em&#8221; header_font=&#8221;Nunito|700|||||||&#8221; header_font_size=&#8221;42pt&#8221; header_2_font=&#8221;Nunito|700|||||||&#8221; header_2_text_color=&#8221;#014a59&#8243; header_2_font_size=&#8221;32pt&#8221; header_3_font=&#8221;Nunito|700|||||||&#8221; header_3_font_size=&#8221;28pt&#8221; header_3_line_height=&#8221;1.1em&#8221; header_4_font=&#8221;Nunito|700|||||||&#8221; header_4_font_size=&#8221;23pt&#8221; z_index_tablet=&#8221;500&#8243; custom_css_main_element=&#8221;letter-spacing: 0.03em !important;&#8221; saved_tabs=&#8221;all&#8221; global_colors_info=&#8221;{}&#8221;]<\/p>\n<h4><span style=\"color: #38b449;\"><strong>Vrai ou faux ?<\/strong><\/span><\/h4>\n<p>[\/et_pb_text][\/et_pb_column][\/et_pb_row][et_pb_row column_structure=&#8221;1_3,1_3,1_3&#8243; _builder_version=&#8221;4.19.1&#8243; background_size=&#8221;initial&#8221; background_position=&#8221;top_left&#8221; background_repeat=&#8221;repeat&#8221; custom_margin=&#8221;-20px||||false|false&#8221; global_colors_info=&#8221;{}&#8221;][et_pb_column type=&#8221;1_3&#8243; _builder_version=&#8221;4.16&#8243; custom_padding=&#8221;|||&#8221; global_colors_info=&#8221;{}&#8221; custom_padding__hover=&#8221;|||&#8221;][et_pb_toggle title=&#8221;Il existe peu d\u2019outils et de moyens afin de rendre le covoiturage flexible et pratique.&#8221; admin_label=&#8221;\u00e9quivaut&#8221; _builder_version=&#8221;4.19.2&#8243; z_index_tablet=&#8221;500&#8243; global_colors_info=&#8221;{}&#8221;]<\/p>\n<p><strong>FAUX<\/strong>, le <a href=\"https:\/\/legacy.equiterre.org\/sites\/fichiers\/divers\/fiche_creerungroupecovoiturage.pdf\">covoiturage est organis\u00e9 de plusieurs mani\u00e8res<\/a> dans le but d\u2019accommoder les covoitureurs. L\u2019horaire, la fr\u00e9quence, la rotation des chauffeurs, les outils de communication et les cas impr\u00e9vus sont d\u00e9finis \u00e0 l\u2019avance. De plus, le covoiturage peut sauver du temps de transport gr\u00e2ce aux voies r\u00e9serv\u00e9es. <sup>6 <\/sup>La plateforme <a href=\"https:\/\/embarquemonteregie.ca\/\">Embarque Mont\u00e9r\u00e9gie<\/a> peut \u00eatre utilis\u00e9e pour trouver des opportunit\u00e9s de covoiturage dans la r\u00e9gion. D\u2019autres plateformes sont disponibles, notamment <a href=\"https:\/\/www.amigoexpress.com\/\">Amigo Express<\/a>, <a href=\"https:\/\/www.covoiturage.ca\/\">Covoiturage.ca<\/a> et <a href=\"https:\/\/www.netlift.me\/fr\/\">Netlift<\/a> qui est sp\u00e9cialis\u00e9 pour les entreprises.<\/p>\n<p>[\/et_pb_toggle][\/et_pb_column][et_pb_column type=&#8221;1_3&#8243; _builder_version=&#8221;4.16&#8243; custom_padding=&#8221;|||&#8221; global_colors_info=&#8221;{}&#8221; custom_padding__hover=&#8221;|||&#8221;][et_pb_toggle title=&#8221;En tant qu\u2019employeur, je peux inciter les membres de mon personnel \u00e0 covoiturer.&#8221; admin_label=&#8221;\u00e9quivaut&#8221; _builder_version=&#8221;4.19.2&#8243; z_index_tablet=&#8221;500&#8243; global_colors_info=&#8221;{}&#8221;]<\/p>\n<p><strong>VRAI<\/strong>, un <a href=\"https:\/\/mobili-t.com\/wp-content\/uploads\/2019\/11\/Guide_bonnes_pratiques_mobilite_durable.pdf\">employeur<\/a> peut inciter son personnel au covoiturage en ajoutant des places de stationnement d\u00e9di\u00e9es aux covoitureurs, mettre en place un outil facilitant l\u2019organisation de covoiturage \u00e0 l\u2019interne et offrir un incitatif financier.<sup> 7<\/sup><\/p>\n<p>&nbsp;<\/p>\n<p>[\/et_pb_toggle][\/et_pb_column][et_pb_column type=&#8221;1_3&#8243; _builder_version=&#8221;4.16&#8243; custom_padding=&#8221;|||&#8221; global_colors_info=&#8221;{}&#8221; custom_padding__hover=&#8221;|||&#8221;][et_pb_toggle title=&#8221;Autres que le covoiturage, plusieurs options existent pour r\u00e9duire les \u00e9missions de GES li\u00e9es au transport.&#8221; admin_label=&#8221;\u00e9quivaut&#8221; _builder_version=&#8221;4.19.2&#8243; z_index_tablet=&#8221;500&#8243; global_colors_info=&#8221;{}&#8221;]<\/p>\n<p><strong>VRAI<\/strong>, de nombreuses actions existent telles que le transport actif qui, lorsque possible, implique des d\u00e9placements \u00e0 la marche ou \u00e0 v\u00e9lo. En plus de r\u00e9duire les \u00e9missions de GES, cela apporte des b\u00e9n\u00e9fices sur la sant\u00e9 mentale et physique. Le transport en commun s\u2019av\u00e8re \u00e9galement \u00eatre une solution int\u00e9ressante, tout comme l\u2019usage de v\u00e9hicule \u00e9lectrique qui permet la r\u00e9duction quasi compl\u00e8te des \u00e9missions li\u00e9es \u00e0 l\u2019utilisation d\u2019une voiture.<\/p>\n<p>[\/et_pb_toggle][\/et_pb_column][\/et_pb_row][et_pb_row column_structure=&#8221;2_3,1_3&#8243; _builder_version=&#8221;4.19.1&#8243; background_size=&#8221;initial&#8221; background_position=&#8221;top_left&#8221; background_repeat=&#8221;repeat&#8221; global_colors_info=&#8221;{}&#8221;][et_pb_column type=&#8221;2_3&#8243; _builder_version=&#8221;4.16&#8243; custom_padding=&#8221;|||&#8221; global_colors_info=&#8221;{}&#8221; custom_padding__hover=&#8221;|||&#8221;][et_pb_toggle title=&#8221;Sources&#8221; admin_label=&#8221;Source&#8221; _builder_version=&#8221;4.19.1&#8243; z_index_tablet=&#8221;500&#8243; global_colors_info=&#8221;{}&#8221;]<\/p>\n<ol>\n<li>Soci\u00e9t\u00e9 de l\u2019assurance automobile du Qu\u00e9bec, 2021. Bilan routier, parc automobile et permis de conduire 2020. https:\/\/saaq.gouv.qc.ca\/fileadmin\/documents\/publications\/espace-recherche\/dossier-statistique-2020-bilan-routier.pdf<\/li>\n<li>Gouvernement du Qu\u00e9bec, 2004. La r\u00e9duction des \u00e9missions de gaz \u00e0 effet de serre et l\u2019am\u00e9nagement du territoire. https:\/\/www.mamh.gouv.qc.ca\/fileadmin\/publications\/amenagement_territoire\/documentation\/guide_reduction_gaz.pdf<\/li>\n<li>Le Devoir, 2006. Un tour en avion, une bonne dose de pollution\u00a0https:\/\/www.ledevoir.com\/opinion\/chroniques\/113142\/un-tour-en-avion-une-bonne-dose-de-pollution<\/li>\n<li>Airbus. A330-300. https:\/\/aircraft.airbus.com\/en\/aircraft\/a330\/a330-300<\/li>\n<li>Organisation de l\u2019aviation civile internationale, 2018. ICAO Carbon Emissions Calculator Methodology \u2013 Version\u00a011. https:\/\/www.icao.int\/environmental-protection\/CarbonOffset\/Documents\/Methodology%20ICAO%20Carbon%20Calculator_v11-2018.pdf<\/li>\n<li>\u00c9quiterre. Cr\u00e9er un groupe de covoiturage. https:\/\/legacy.equiterre.org\/sites\/fichiers\/divers\/fiche_creerungroupecovoiturage.pdf<\/li>\n<li>Mobili-T. Pour une mobilit\u00e9 durable sur le territoire de la communaut\u00e9 m\u00e9tropolitaine de Qu\u00e9bec \u2014 Guide de bonnes pratiques \u00e0 l\u2019intention des g\u00e9n\u00e9rateurs de d\u00e9placements. https:\/\/mobili-t.com\/wp-content\/uploads\/2019\/11\/Guide_bonnes_pratiques_mobilite_durable.pdf<\/li>\n<\/ol>\n<p>[\/et_pb_toggle][\/et_pb_column][et_pb_column type=&#8221;1_3&#8243; _builder_version=&#8221;4.16&#8243; custom_padding=&#8221;|||&#8221; global_colors_info=&#8221;{}&#8221; custom_padding__hover=&#8221;|||&#8221;][et_pb_button button_url=&#8221;https:\/\/mrcvs.ca\/wp-content\/uploads\/2022\/12\/FicheGES_Action2-Covoiturage-MRCVS-1.pdf&#8221; url_new_window=&#8221;on&#8221; button_text=&#8221;T\u00e9l\u00e9charger la fiche&#8221; button_alignment=&#8221;left&#8221; admin_label=&#8221;Fiche&#8221; module_class=&#8221;btn-vert bouton&#8221; _builder_version=&#8221;4.19.2&#8243; custom_button=&#8221;on&#8221; button_text_size=&#8221;16pt&#8221; button_text_color=&#8221;#f1f2f2&#8243; button_bg_color=&#8221;#38B449&#8243; button_border_color=&#8221;#38B449&#8243; button_border_radius=&#8221;50px&#8221; button_letter_spacing=&#8221;3px&#8221; button_font=&#8221;Nunito|700|||||||&#8221; button_use_icon=&#8221;off&#8221; background_layout=&#8221;dark&#8221; custom_margin=&#8221;-20px||||false|false&#8221; custom_padding=&#8221;5px|60px|5px|60px&#8221; custom_css_main_element=&#8221;letter-spacing: 0.03em !important;&#8221; saved_tabs=&#8221;all&#8221; locked=&#8221;off&#8221; global_colors_info=&#8221;{}&#8221; button_text_size__hover_enabled=&#8221;off&#8221; button_text_size__hover=&#8221;null&#8221; button_one_text_size__hover_enabled=&#8221;off&#8221; button_one_text_size__hover=&#8221;null&#8221; button_two_text_size__hover_enabled=&#8221;off&#8221; button_two_text_size__hover=&#8221;null&#8221; button_text_color__hover_enabled=&#8221;on|hover&#8221; button_text_color__hover=&#8221;#38B449&#8243; button_one_text_color__hover_enabled=&#8221;off&#8221; button_one_text_color__hover=&#8221;null&#8221; button_two_text_color__hover_enabled=&#8221;off&#8221; button_two_text_color__hover=&#8221;null&#8221; button_border_width__hover_enabled=&#8221;off&#8221; button_border_width__hover=&#8221;null&#8221; button_one_border_width__hover_enabled=&#8221;off&#8221; button_one_border_width__hover=&#8221;null&#8221; button_two_border_width__hover_enabled=&#8221;off&#8221; button_two_border_width__hover=&#8221;null&#8221; button_border_color__hover_enabled=&#8221;on|desktop&#8221; button_border_color__hover=&#8221;#38B449&#8243; button_one_border_color__hover_enabled=&#8221;off&#8221; button_one_border_color__hover=&#8221;null&#8221; button_two_border_color__hover_enabled=&#8221;off&#8221; button_two_border_color__hover=&#8221;null&#8221; button_border_radius__hover_enabled=&#8221;on|hover&#8221; button_border_radius__hover=&#8221;50px&#8221; button_one_border_radius__hover_enabled=&#8221;off&#8221; button_one_border_radius__hover=&#8221;null&#8221; button_two_border_radius__hover_enabled=&#8221;off&#8221; button_two_border_radius__hover=&#8221;null&#8221; button_letter_spacing__hover_enabled=&#8221;on|hover&#8221; button_letter_spacing__hover=&#8221;3&#8243; button_one_letter_spacing__hover_enabled=&#8221;off&#8221; button_one_letter_spacing__hover=&#8221;null&#8221; button_two_letter_spacing__hover_enabled=&#8221;off&#8221; button_two_letter_spacing__hover=&#8221;null&#8221; button_bg_color__hover_enabled=&#8221;on|hover&#8221; button_bg_color__hover=&#8221;#ffffff&#8221; button_one_bg_color__hover_enabled=&#8221;off&#8221; button_one_bg_color__hover=&#8221;null&#8221; button_two_bg_color__hover_enabled=&#8221;off&#8221; button_two_bg_color__hover=&#8221;null&#8221;][\/et_pb_button][\/et_pb_column][\/et_pb_row][\/et_pb_section][et_pb_section fb_built=&#8221;1&#8243; module_id=&#8221;matieres-organiques&#8221; _builder_version=&#8221;4.19.1&#8243; background_color=&#8221;#f1f2f2&#8243; global_colors_info=&#8221;{}&#8221;][et_pb_row _builder_version=&#8221;4.16&#8243; background_size=&#8221;initial&#8221; background_position=&#8221;top_left&#8221; background_repeat=&#8221;repeat&#8221; global_colors_info=&#8221;{}&#8221;][et_pb_column type=&#8221;4_4&#8243; _builder_version=&#8221;4.16&#8243; custom_padding=&#8221;|||&#8221; global_colors_info=&#8221;{}&#8221; custom_padding__hover=&#8221;|||&#8221;][et_pb_text admin_label=&#8221;mati\u00e8res organiques&#8221; module_class=&#8221;small-text&#8221; _builder_version=&#8221;4.19.1&#8243; text_font_size=&#8221;13pt&#8221; text_line_height=&#8221;1.6em&#8221; header_font=&#8221;Nunito|700|||||||&#8221; header_font_size=&#8221;42pt&#8221; header_2_font=&#8221;Nunito|700|||||||&#8221; header_2_text_color=&#8221;#014a59&#8243; header_2_font_size=&#8221;32pt&#8221; header_3_font=&#8221;Nunito|700|||||||&#8221; header_3_font_size=&#8221;28pt&#8221; header_3_line_height=&#8221;1.1em&#8221; header_4_font=&#8221;Nunito|700|||||||&#8221; header_4_font_size=&#8221;23pt&#8221; z_index_tablet=&#8221;500&#8243; custom_css_main_element=&#8221;letter-spacing: 0.03em !important;&#8221; saved_tabs=&#8221;all&#8221; global_colors_info=&#8221;{}&#8221;]<\/p>\n<h2>Action 3 &#8211; Collecte des mati\u00e8res organiques<\/h2>\n<p>[\/et_pb_text][et_pb_image src=&#8221;https:\/\/mrcvs.ca\/wp-content\/uploads\/2022\/12\/GES-WEB-3.jpg&#8221; title_text=&#8221;GES-WEB&#8221; _builder_version=&#8221;4.19.1&#8243; custom_margin=&#8221;10px||||false|false&#8221; animation_style=&#8221;slide&#8221; animation_direction=&#8221;left&#8221; global_colors_info=&#8221;{}&#8221;][\/et_pb_image][\/et_pb_column][\/et_pb_row][et_pb_row _builder_version=&#8221;4.19.1&#8243; background_size=&#8221;initial&#8221; background_position=&#8221;top_left&#8221; background_repeat=&#8221;repeat&#8221; global_colors_info=&#8221;{}&#8221;][et_pb_column type=&#8221;4_4&#8243; _builder_version=&#8221;4.16&#8243; custom_padding=&#8221;|||&#8221; global_colors_info=&#8221;{}&#8221; custom_padding__hover=&#8221;|||&#8221;][et_pb_text admin_label=&#8221;mati\u00e8res organiques&#8221; module_class=&#8221;small-text&#8221; _builder_version=&#8221;4.19.1&#8243; text_font_size=&#8221;13pt&#8221; text_line_height=&#8221;1.6em&#8221; header_font=&#8221;Nunito|700|||||||&#8221; header_font_size=&#8221;42pt&#8221; header_2_font=&#8221;Nunito|700|||||||&#8221; header_2_text_color=&#8221;#014a59&#8243; header_2_font_size=&#8221;32pt&#8221; header_3_font=&#8221;Nunito|700|||||||&#8221; header_3_font_size=&#8221;28pt&#8221; header_3_line_height=&#8221;1.1em&#8221; header_4_font=&#8221;Nunito|700|||||||&#8221; header_4_font_size=&#8221;23pt&#8221; z_index_tablet=&#8221;500&#8243; custom_css_main_element=&#8221;letter-spacing: 0.03em !important;&#8221; saved_tabs=&#8221;all&#8221; global_colors_info=&#8221;{}&#8221;]<\/p>\n<p><strong>L\u2019enfouissement des mati\u00e8res r\u00e9siduelles repr\u00e9sente 2,4 % des \u00e9missions de gaz \u00e0 effet de serre (GES) du territoire de la MRC de Vaudreuil-Soulanges. La d\u00e9gradation des mati\u00e8res organiques enfouies \u00e9met des GES qui produisent du m\u00e9thane (CH<sub>4<\/sub>). Consid\u00e9rant que le m\u00e9thane a un potentiel de r\u00e9chauffement climatique 28\u00a0fois sup\u00e9rieur \u00e0 celui du CO<sub>2<\/sub>, l\u2019option de valorisation des mati\u00e8res organiques par le compostage permet d\u2019\u00e9viter une quantit\u00e9 importante de ces \u00e9missions<sup>1<\/sup>. De plus, le composte peut \u00eatre r\u00e9utilis\u00e9 dans les champs en substitut aux engrais chimiques, \u00e9vitant ainsi les GES \u00e9mient lors de la production de ces derniers.<\/strong><\/p>\n<h4><span style=\"color: #007f43;\"><strong>\u00c0 quoi \u00e7a \u00e9quivaut\u00a0?<\/strong><\/span><\/h4>\n<p>Le d\u00e9tournement d\u2019un kilogramme de mati\u00e8res r\u00e9siduelles de l\u2019enfouissement par le compostage permet de r\u00e9duire de 0,232\u00a0kgCO<sub>2<\/sub>\u00e9q les \u00e9missions issues de la gestion des mati\u00e8res\u00a0r\u00e9siduelles<sup>2<\/sup>. Environ 23\u2009000\u00a0tonnes de mati\u00e8res\u00a0r\u00e9siduelles<sup>3<\/sup> peuvent \u00eatre d\u00e9tourn\u00e9es sur le territoire de la MRC, ainsi, 5\u2009336\u00a0tCO<sub>2<\/sub>\u00e9q peuvent \u00eatre \u00e9vit\u00e9es. Un arbre peut s\u00e9questrer environ 225\u00a0kgCO<sub>2<\/sub>\u00e9q au cours de sa vie<sup>4<\/sup>. D\u00e9tourner toutes les mati\u00e8res organiques de l\u2019enfouissement sur le territoire de la MRC de Vaudreuil-Soulanges \u00e9quivaut donc \u00e0 <strong>planter environ 23\u2009700\u00a0arbres chaque ann\u00e9e<\/strong>.<\/p>\n<p>[\/et_pb_text][\/et_pb_column][\/et_pb_row][et_pb_row _builder_version=&#8221;4.19.1&#8243; background_size=&#8221;initial&#8221; background_position=&#8221;top_left&#8221; background_repeat=&#8221;repeat&#8221; global_colors_info=&#8221;{}&#8221;][et_pb_column type=&#8221;4_4&#8243; _builder_version=&#8221;4.16&#8243; custom_padding=&#8221;|||&#8221; global_colors_info=&#8221;{}&#8221; custom_padding__hover=&#8221;|||&#8221;][et_pb_text admin_label=&#8221;vrai-faux&#8221; module_class=&#8221;small-text&#8221; _builder_version=&#8221;4.19.1&#8243; text_font_size=&#8221;13pt&#8221; text_line_height=&#8221;1.6em&#8221; header_font=&#8221;Nunito|700|||||||&#8221; header_font_size=&#8221;42pt&#8221; header_2_font=&#8221;Nunito|700|||||||&#8221; header_2_text_color=&#8221;#014a59&#8243; header_2_font_size=&#8221;32pt&#8221; header_3_font=&#8221;Nunito|700|||||||&#8221; header_3_font_size=&#8221;28pt&#8221; header_3_line_height=&#8221;1.1em&#8221; header_4_font=&#8221;Nunito|700|||||||&#8221; header_4_font_size=&#8221;23pt&#8221; z_index_tablet=&#8221;500&#8243; custom_css_main_element=&#8221;letter-spacing: 0.03em !important;&#8221; saved_tabs=&#8221;all&#8221; global_colors_info=&#8221;{}&#8221;]<\/p>\n<h4><span style=\"color: #007f43;\"><strong>Vrai ou faux ?<\/strong><\/span><\/h4>\n<p>[\/et_pb_text][\/et_pb_column][\/et_pb_row][et_pb_row column_structure=&#8221;1_4,1_4,1_4,1_4&#8243; _builder_version=&#8221;4.19.1&#8243; background_size=&#8221;initial&#8221; background_position=&#8221;top_left&#8221; background_repeat=&#8221;repeat&#8221; custom_margin=&#8221;-20px||||false|false&#8221; global_colors_info=&#8221;{}&#8221;][et_pb_column type=&#8221;1_4&#8243; _builder_version=&#8221;4.16&#8243; custom_padding=&#8221;|||&#8221; global_colors_info=&#8221;{}&#8221; custom_padding__hover=&#8221;|||&#8221;][et_pb_toggle title=&#8221;Que les mati\u00e8res organiques soient enfouies ou compost\u00e9es, il n\u2019y a pas d\u2019impact sur les GES.&#8221; admin_label=&#8221;\u00e9quivaut&#8221; _builder_version=&#8221;4.19.2&#8243; z_index_tablet=&#8221;500&#8243; global_colors_info=&#8221;{}&#8221;]<\/p>\n<p><strong>FAUX<\/strong>, les sites d\u2019enfouissement <a href=\"https:\/\/www.recyc-quebec.gouv.qc.ca\/municipalites\/matieres-organiques\/recyclage-residus-verts-alimentaires\/implanter-optimiser-collecte\/bilan-emissions-ges\">produisent 25\u00a0%<\/a> de pertes de m\u00e9thane lorsqu\u2019un syst\u00e8me de captage est en place<sup>6<\/sup>, alors que le composte \u00e9met peu de m\u00e9thane puisque les mati\u00e8res organiques sont retourn\u00e9es lors du processus de compostage.<\/p>\n<p>[\/et_pb_toggle][\/et_pb_column][et_pb_column type=&#8221;1_4&#8243; _builder_version=&#8221;4.16&#8243; custom_padding=&#8221;|||&#8221; global_colors_info=&#8221;{}&#8221; custom_padding__hover=&#8221;|||&#8221;][et_pb_toggle title=&#8221;L\u2019ajout de camions de collecte sur les routes annule les bienfaits du compostage concernant les GES.&#8221; admin_label=&#8221;\u00e9quivaut&#8221; _builder_version=&#8221;4.19.2&#8243; hover_enabled=&#8221;0&#8243; z_index_tablet=&#8221;500&#8243; global_colors_info=&#8221;{}&#8221; sticky_enabled=&#8221;0&#8243;]<\/p>\n<p><strong>FAUX<\/strong>, les \u00e9missions issues du transport des mati\u00e8res organiques repr\u00e9sentent seulement environ 1 % des \u00e9missions, si ces mati\u00e8res \u00e9taient envoy\u00e9es \u00e0 l\u2019enfouissement, alors que le compostage des mati\u00e8res organiques pourrait les r\u00e9duire de 28 %. De nombreux projets de compostage ont entra\u00een\u00e9 des r\u00e9ductions importantes des \u00e9missions de GES. <sup>5<\/sup><\/p>\n<p>&nbsp;<\/p>\n<p>&nbsp;<\/p>\n<p>&nbsp;<\/p>\n<p>&nbsp;<\/p>\n<p>[\/et_pb_toggle][\/et_pb_column][et_pb_column type=&#8221;1_4&#8243; _builder_version=&#8221;4.16&#8243; custom_padding=&#8221;|||&#8221; global_colors_info=&#8221;{}&#8221; custom_padding__hover=&#8221;|||&#8221;][et_pb_toggle title=&#8221;Laisser les rognures de gazon ou les feuilles mortes sur son terrain (herbicyclage et feuillicyclage) peut contribuer \u00e0 la r\u00e9duction des \u00e9missions de GES li\u00e9es \u00e0 la gestion des mati\u00e8res r\u00e9siduelles.&#8221; admin_label=&#8221;\u00e9quivaut&#8221; _builder_version=&#8221;4.19.2&#8243; hover_enabled=&#8221;0&#8243; z_index_tablet=&#8221;500&#8243; global_colors_info=&#8221;{}&#8221; sticky_enabled=&#8221;0&#8243;]<\/p>\n<p><strong>VRAI<\/strong>, certains gestes simples tels que l\u2019herbicyclage ou le feuillicyclage, limiter le gaspillage alimentaire ou utiliser un composteur domestique afin de composter soi-m\u00eame ses mati\u00e8res organiques sont tous des actions qui peuvent contribuer \u00e0 la r\u00e9duction des GES en diminuant les mati\u00e8res envoy\u00e9es \u00e0 l\u2019enfouissement et m\u00eame au compostage.<\/p>\n<p>[\/et_pb_toggle][\/et_pb_column][et_pb_column type=&#8221;1_4&#8243; _builder_version=&#8221;4.16&#8243; custom_padding=&#8221;|||&#8221; global_colors_info=&#8221;{}&#8221; custom_padding__hover=&#8221;|||&#8221;][et_pb_toggle title=&#8221;Les mati\u00e8res organiques collect\u00e9es produisent du composte qui peut apporter des bienfaits pour le milieu agricole et pour les citoyens.&#8221; admin_label=&#8221;\u00e9quivaut&#8221; _builder_version=&#8221;4.19.2&#8243; z_index_tablet=&#8221;500&#8243; global_colors_info=&#8221;{}&#8221;]<\/p>\n<p><strong>VRAI<\/strong>, le composte peut \u00eatre utilis\u00e9 comme engrais naturel qui am\u00e9liore la qualit\u00e9 du sol gr\u00e2ce aux nutriments provenant de la mati\u00e8re organique, servant tant au milieu agricole, qu\u2019aux citoyens, lorsque redistribu\u00e9 par les villes et municipalit\u00e9s.<\/p>\n<p>&nbsp;<\/p>\n<p>[\/et_pb_toggle][\/et_pb_column][\/et_pb_row][et_pb_row column_structure=&#8221;2_3,1_3&#8243; _builder_version=&#8221;4.19.1&#8243; background_size=&#8221;initial&#8221; background_position=&#8221;top_left&#8221; background_repeat=&#8221;repeat&#8221; global_colors_info=&#8221;{}&#8221;][et_pb_column type=&#8221;2_3&#8243; _builder_version=&#8221;4.16&#8243; custom_padding=&#8221;|||&#8221; global_colors_info=&#8221;{}&#8221; custom_padding__hover=&#8221;|||&#8221;][et_pb_toggle title=&#8221;Sources&#8221; admin_label=&#8221;Source&#8221; _builder_version=&#8221;4.19.1&#8243; z_index_tablet=&#8221;500&#8243; global_colors_info=&#8221;{}&#8221;]<\/p>\n<ol>\n<li>Groupe d\u2019experts intergouvernemental sur l\u2019\u00e9volution du climat (GIEC), 2022. Page\u00a016. https:\/\/www.ipcc.ch\/report\/ar6\/wg1\/downloads\/report\/IPCC_AR6_WGI_Chapter07_SM.pdf<\/li>\n<li>Calcul par Enviro-acc\u00e8s.<\/li>\n<li>Donn\u00e9e de la MRC de Vaudreuil-Soulanges.<\/li>\n<li>TreeCanada, 2008. This is your car\u2019s best friend &#8211; What Trees Can Do to Reduce Atmospheric CO<sub>2<\/sub>. https:\/\/treecanada.ca\/wp-content\/uploads\/2017\/10\/Guide-1-EN-Trees-reduce-C02.pdf<\/li>\n<li>Recyc-Qu\u00e9bec, 2017. Mythes et r\u00e9alit\u00e9s sur les mati\u00e8res organiques. https:\/\/www.fqm.ca\/wp-content\/uploads\/2017\/09\/HH-Mythes_et_realites.pdf<\/li>\n<li>Recyc-Qu\u00e9bec. Bilan net d\u2019\u00e9missions de gaz \u00e0 effet de serre. https:\/\/www.recyc-quebec.gouv.qc.ca\/municipalites\/matieres-organiques\/recyclage-residus-verts-alimentaires\/implanter-optimiser-collecte\/bilan-emissions-ges<\/li>\n<\/ol>\n<p>[\/et_pb_toggle][\/et_pb_column][et_pb_column type=&#8221;1_3&#8243; _builder_version=&#8221;4.16&#8243; custom_padding=&#8221;|||&#8221; global_colors_info=&#8221;{}&#8221; custom_padding__hover=&#8221;|||&#8221;][et_pb_button button_url=&#8221;https:\/\/mrcvs.ca\/wp-content\/uploads\/2022\/12\/FicheGES_Action3-Matieres-organiques-MRCVS.pdf&#8221; url_new_window=&#8221;on&#8221; button_text=&#8221;T\u00e9l\u00e9charger la fiche&#8221; button_alignment=&#8221;left&#8221; admin_label=&#8221;Fiche&#8221; module_class=&#8221;btn-vert bouton&#8221; _builder_version=&#8221;4.19.1&#8243; custom_button=&#8221;on&#8221; button_text_size=&#8221;16pt&#8221; button_text_color=&#8221;#f1f2f2&#8243; button_bg_color=&#8221;#007F43&#8243; button_border_color=&#8221;#007F43&#8243; button_border_radius=&#8221;50px&#8221; button_letter_spacing=&#8221;3px&#8221; button_font=&#8221;Nunito|700|||||||&#8221; button_use_icon=&#8221;off&#8221; background_layout=&#8221;dark&#8221; custom_margin=&#8221;-20px||||false|false&#8221; custom_padding=&#8221;5px|60px|5px|60px&#8221; custom_css_main_element=&#8221;letter-spacing: 0.03em !important;&#8221; saved_tabs=&#8221;all&#8221; locked=&#8221;off&#8221; global_colors_info=&#8221;{}&#8221; button_text_size__hover_enabled=&#8221;off&#8221; button_text_size__hover=&#8221;null&#8221; button_one_text_size__hover_enabled=&#8221;off&#8221; button_one_text_size__hover=&#8221;null&#8221; button_two_text_size__hover_enabled=&#8221;off&#8221; button_two_text_size__hover=&#8221;null&#8221; button_text_color__hover_enabled=&#8221;on|hover&#8221; button_text_color__hover=&#8221;#007F43&#8243; button_one_text_color__hover_enabled=&#8221;off&#8221; button_one_text_color__hover=&#8221;null&#8221; button_two_text_color__hover_enabled=&#8221;off&#8221; button_two_text_color__hover=&#8221;null&#8221; button_border_width__hover_enabled=&#8221;off&#8221; button_border_width__hover=&#8221;null&#8221; button_one_border_width__hover_enabled=&#8221;off&#8221; button_one_border_width__hover=&#8221;null&#8221; button_two_border_width__hover_enabled=&#8221;off&#8221; button_two_border_width__hover=&#8221;null&#8221; button_border_color__hover_enabled=&#8221;on|desktop&#8221; button_border_color__hover=&#8221;#007F43&#8243; button_one_border_color__hover_enabled=&#8221;off&#8221; button_one_border_color__hover=&#8221;null&#8221; button_two_border_color__hover_enabled=&#8221;off&#8221; button_two_border_color__hover=&#8221;null&#8221; button_border_radius__hover_enabled=&#8221;on&#8221; button_border_radius__hover=&#8221;50px&#8221; button_one_border_radius__hover_enabled=&#8221;off&#8221; button_one_border_radius__hover=&#8221;null&#8221; button_two_border_radius__hover_enabled=&#8221;off&#8221; button_two_border_radius__hover=&#8221;null&#8221; button_letter_spacing__hover_enabled=&#8221;on|hover&#8221; button_letter_spacing__hover=&#8221;3&#8243; button_one_letter_spacing__hover_enabled=&#8221;off&#8221; button_one_letter_spacing__hover=&#8221;null&#8221; button_two_letter_spacing__hover_enabled=&#8221;off&#8221; button_two_letter_spacing__hover=&#8221;null&#8221; button_bg_color__hover_enabled=&#8221;on|hover&#8221; button_bg_color__hover=&#8221;#ffffff&#8221; button_one_bg_color__hover_enabled=&#8221;off&#8221; button_one_bg_color__hover=&#8221;null&#8221; button_two_bg_color__hover_enabled=&#8221;off&#8221; button_two_bg_color__hover=&#8221;null&#8221;][\/et_pb_button][\/et_pb_column][\/et_pb_row][\/et_pb_section][et_pb_section fb_built=&#8221;1&#8243; _builder_version=&#8221;4.16&#8243; background_color=&#8221;#ffffff&#8221; global_colors_info=&#8221;{}&#8221;][et_pb_row make_equal=&#8221;on&#8221; _builder_version=&#8221;4.16&#8243; global_colors_info=&#8221;{}&#8221;][et_pb_column type=&#8221;4_4&#8243; _builder_version=&#8221;4.16&#8243; custom_padding=&#8221;|||&#8221; global_colors_info=&#8221;{}&#8221; custom_padding__hover=&#8221;|||&#8221;][et_pb_button button_url=&#8221;https:\/\/mrcvs.ca\/wp-content\/uploads\/2021\/06\/Plan-action-GES-MRC-VS-FINAL-2019-10-31.pdf&#8221; button_text=&#8221;Plan d\u2019action r\u00e9gional de r\u00e9duction des \u00e9missions de gaz \u00e0 effet de serre&#8221; button_alignment=&#8221;left&#8221; admin_label=&#8221;Plan d\u2019action r\u00e9gional de r\u00e9duction des \u00e9missions de gaz \u00e0 effet de serre&#8221; module_class=&#8221;btn-vert bouton&#8221; _builder_version=&#8221;4.16&#8243; custom_button=&#8221;on&#8221; button_text_size=&#8221;15pt&#8221; button_text_color=&#8221;#f1f2f2&#8243; button_bg_color=&#8221;#38b449&#8243; button_border_color=&#8221;#38b449&#8243; button_border_radius=&#8221;50px&#8221; button_letter_spacing=&#8221;3px&#8221; button_font=&#8221;Nunito|700|||||||&#8221; button_use_icon=&#8221;off&#8221; background_layout=&#8221;dark&#8221; custom_padding=&#8221;5px|60px|5px|60px&#8221; z_index_tablet=&#8221;500&#8243; custom_css_main_element=&#8221;letter-spacing: 0.03em !important;&#8221; button_text_shadow_horizontal_length_tablet=&#8221;0px&#8221; button_text_shadow_vertical_length_tablet=&#8221;0px&#8221; button_text_shadow_blur_strength_tablet=&#8221;1px&#8221; box_shadow_horizontal_tablet=&#8221;0px&#8221; box_shadow_vertical_tablet=&#8221;0px&#8221; box_shadow_blur_tablet=&#8221;40px&#8221; box_shadow_spread_tablet=&#8221;0px&#8221; saved_tabs=&#8221;all&#8221; locked=&#8221;off&#8221; global_colors_info=&#8221;{}&#8221; button_text_size__hover_enabled=&#8221;off&#8221; button_text_size__hover=&#8221;null&#8221; button_one_text_size__hover_enabled=&#8221;off&#8221; button_one_text_size__hover=&#8221;null&#8221; button_two_text_size__hover_enabled=&#8221;off&#8221; button_two_text_size__hover=&#8221;null&#8221; button_text_color__hover_enabled=&#8221;on|hover&#8221; button_text_color__hover=&#8221;#38b449&#8243; button_one_text_color__hover_enabled=&#8221;off&#8221; button_one_text_color__hover=&#8221;null&#8221; button_two_text_color__hover_enabled=&#8221;off&#8221; button_two_text_color__hover=&#8221;null&#8221; button_border_width__hover_enabled=&#8221;off&#8221; button_border_width__hover=&#8221;null&#8221; button_one_border_width__hover_enabled=&#8221;off&#8221; button_one_border_width__hover=&#8221;null&#8221; button_two_border_width__hover_enabled=&#8221;off&#8221; button_two_border_width__hover=&#8221;null&#8221; button_border_color__hover_enabled=&#8221;on|desktop&#8221; button_border_color__hover=&#8221;#38b449&#8243; button_one_border_color__hover_enabled=&#8221;off&#8221; button_one_border_color__hover=&#8221;null&#8221; button_two_border_color__hover_enabled=&#8221;off&#8221; button_two_border_color__hover=&#8221;null&#8221; button_border_radius__hover_enabled=&#8221;on&#8221; button_border_radius__hover=&#8221;50px&#8221; button_one_border_radius__hover_enabled=&#8221;off&#8221; button_one_border_radius__hover=&#8221;null&#8221; button_two_border_radius__hover_enabled=&#8221;off&#8221; button_two_border_radius__hover=&#8221;null&#8221; button_letter_spacing__hover_enabled=&#8221;on&#8221; button_letter_spacing__hover=&#8221;3&#8243; button_one_letter_spacing__hover_enabled=&#8221;off&#8221; button_one_letter_spacing__hover=&#8221;null&#8221; button_two_letter_spacing__hover_enabled=&#8221;off&#8221; button_two_letter_spacing__hover=&#8221;null&#8221; button_bg_color__hover_enabled=&#8221;on|hover&#8221; button_bg_color__hover=&#8221;#ffffff&#8221; button_one_bg_color__hover_enabled=&#8221;off&#8221; button_one_bg_color__hover=&#8221;null&#8221; button_two_bg_color__hover_enabled=&#8221;off&#8221; button_two_bg_color__hover=&#8221;null&#8221;][\/et_pb_button][et_pb_button button_url=&#8221;https:\/\/mrcvs.ca\/wp-content\/uploads\/2020\/06\/MRCVaudreuil-Soulanges_inventaireGES_2016_v2.finale-2020.pdf&#8221; button_text=&#8221;Inventaire des \u00e9missions de gaz \u00e0 effet de serre de la MRC de Vaudreuil-Soulanges&#8221; button_alignment=&#8221;left&#8221; admin_label=&#8221;Inventaire des \u00e9missions de gaz \u00e0 effet de serre de la MRC de Vaudreuil-Soulanges&#8221; module_class=&#8221;btn-vert bouton&#8221; _builder_version=&#8221;4.16&#8243; custom_button=&#8221;on&#8221; button_text_size=&#8221;15pt&#8221; button_text_color=&#8221;#f1f2f2&#8243; button_bg_color=&#8221;#38b449&#8243; button_border_color=&#8221;#38b449&#8243; button_border_radius=&#8221;50px&#8221; button_letter_spacing=&#8221;3px&#8221; button_font=&#8221;Nunito|700|||||||&#8221; button_use_icon=&#8221;off&#8221; background_layout=&#8221;dark&#8221; custom_padding=&#8221;5px|60px|5px|60px&#8221; z_index_tablet=&#8221;500&#8243; custom_css_main_element=&#8221;letter-spacing: 0.03em !important;&#8221; button_text_shadow_horizontal_length_tablet=&#8221;0px&#8221; button_text_shadow_vertical_length_tablet=&#8221;0px&#8221; button_text_shadow_blur_strength_tablet=&#8221;1px&#8221; box_shadow_horizontal_tablet=&#8221;0px&#8221; box_shadow_vertical_tablet=&#8221;0px&#8221; box_shadow_blur_tablet=&#8221;40px&#8221; box_shadow_spread_tablet=&#8221;0px&#8221; saved_tabs=&#8221;all&#8221; locked=&#8221;off&#8221; global_colors_info=&#8221;{}&#8221; button_text_size__hover_enabled=&#8221;off&#8221; button_text_size__hover=&#8221;null&#8221; button_one_text_size__hover_enabled=&#8221;off&#8221; button_one_text_size__hover=&#8221;null&#8221; button_two_text_size__hover_enabled=&#8221;off&#8221; button_two_text_size__hover=&#8221;null&#8221; button_text_color__hover_enabled=&#8221;on|hover&#8221; button_text_color__hover=&#8221;#38b449&#8243; button_one_text_color__hover_enabled=&#8221;off&#8221; button_one_text_color__hover=&#8221;null&#8221; button_two_text_color__hover_enabled=&#8221;off&#8221; button_two_text_color__hover=&#8221;null&#8221; button_border_width__hover_enabled=&#8221;off&#8221; button_border_width__hover=&#8221;null&#8221; button_one_border_width__hover_enabled=&#8221;off&#8221; button_one_border_width__hover=&#8221;null&#8221; button_two_border_width__hover_enabled=&#8221;off&#8221; button_two_border_width__hover=&#8221;null&#8221; button_border_color__hover_enabled=&#8221;on|desktop&#8221; button_border_color__hover=&#8221;#38b449&#8243; button_one_border_color__hover_enabled=&#8221;off&#8221; button_one_border_color__hover=&#8221;null&#8221; button_two_border_color__hover_enabled=&#8221;off&#8221; button_two_border_color__hover=&#8221;null&#8221; button_border_radius__hover_enabled=&#8221;on&#8221; button_border_radius__hover=&#8221;50px&#8221; button_one_border_radius__hover_enabled=&#8221;off&#8221; button_one_border_radius__hover=&#8221;null&#8221; button_two_border_radius__hover_enabled=&#8221;off&#8221; button_two_border_radius__hover=&#8221;null&#8221; button_letter_spacing__hover_enabled=&#8221;on&#8221; button_letter_spacing__hover=&#8221;3&#8243; button_one_letter_spacing__hover_enabled=&#8221;off&#8221; button_one_letter_spacing__hover=&#8221;null&#8221; button_two_letter_spacing__hover_enabled=&#8221;off&#8221; button_two_letter_spacing__hover=&#8221;null&#8221; button_bg_color__hover_enabled=&#8221;on|hover&#8221; button_bg_color__hover=&#8221;#ffffff&#8221; button_one_bg_color__hover_enabled=&#8221;off&#8221; button_one_bg_color__hover=&#8221;null&#8221; button_two_bg_color__hover_enabled=&#8221;off&#8221; button_two_bg_color__hover=&#8221;null&#8221;][\/et_pb_button][\/et_pb_column][\/et_pb_row][\/et_pb_section]<\/p>\n","protected":false},"excerpt":{"rendered":"<p>EnvironmentR\u00e9duire les gaz \u00e0 effet de serre (GES) dans Vaudreuil-SoulangesLa MRC de Vaudreuil-Soulanges se pr\u00e9occupe des \u00e9missions de gaz \u00e0 effet de serre (GES) sur son territoire. Elle souhaite participer et contribuer activement aux efforts du Qu\u00e9bec, du Canada et d\u2019ailleurs dans le monde pour lutter contre les changements climatiques. Depuis 2017, la MRC de [&hellip;]<\/p>\n","protected":false},"author":5,"featured_media":0,"parent":7073,"menu_order":0,"comment_status":"closed","ping_status":"closed","template":"","meta":{"_et_pb_use_builder":"on","_et_pb_old_content":"","_et_gb_content_width":"","footnotes":""},"yoast_head":"<!-- This site is optimized with the Yoast SEO plugin v23.0 - https:\/\/yoast.com\/wordpress\/plugins\/seo\/ -->\n<title>Greenhouse Gas (GHG) - MRC of Vaudreuil-Soulanges<\/title>\n<meta name=\"description\" content=\"The MRC de Vaudreuil-Soulanges enforces its regulations governing matters relating to the outflow of watercourses and plans the management of all watercourses under its jurisdiction, excluding the Outaouais River and the St. Lawrence River.\" \/>\n<meta name=\"robots\" content=\"index, follow, max-snippet:-1, max-image-preview:large, max-video-preview:-1\" \/>\n<link rel=\"canonical\" href=\"https:\/\/mrcvs.ca\/en\/citizens\/environment\/ghg\/\" \/>\n<meta property=\"og:locale\" content=\"en_US\" \/>\n<meta property=\"og:type\" content=\"article\" \/>\n<meta property=\"og:title\" content=\"Greenhouse Gas (GHG) - MRC of Vaudreuil-Soulanges\" \/>\n<meta property=\"og:description\" content=\"The MRC de Vaudreuil-Soulanges enforces its regulations governing matters relating to the outflow of watercourses and plans the management of all watercourses under its jurisdiction, excluding the Outaouais River and the St. Lawrence River.\" \/>\n<meta property=\"og:url\" content=\"https:\/\/mrcvs.ca\/en\/citizens\/environment\/ghg\/\" \/>\n<meta property=\"og:site_name\" content=\"MRC of Vaudreuil-Soulanges\" \/>\n<meta property=\"article:publisher\" content=\"https:\/\/www.facebook.com\/mrcvaudreuilsoulanges\/\" \/>\n<meta property=\"article:modified_time\" content=\"2022-12-20T16:34:36+00:00\" \/>\n<meta name=\"twitter:card\" content=\"summary_large_image\" \/>\n<meta name=\"twitter:label1\" content=\"Est. reading time\" \/>\n\t<meta name=\"twitter:data1\" content=\"16 minutes\" \/>\n<script type=\"application\/ld+json\" class=\"yoast-schema-graph\">{\"@context\":\"https:\/\/schema.org\",\"@graph\":[{\"@type\":\"WebPage\",\"@id\":\"https:\/\/mrcvs.ca\/en\/citizens\/environment\/ghg\/\",\"url\":\"https:\/\/mrcvs.ca\/en\/citizens\/environment\/ghg\/\",\"name\":\"Greenhouse Gas (GHG) - MRC of Vaudreuil-Soulanges\",\"isPartOf\":{\"@id\":\"https:\/\/mrcvs.ca\/#website\"},\"datePublished\":\"2022-12-06T21:15:53+00:00\",\"dateModified\":\"2022-12-20T16:34:36+00:00\",\"description\":\"The MRC de Vaudreuil-Soulanges enforces its regulations governing matters relating to the outflow of watercourses and plans the management of all watercourses under its jurisdiction, excluding the Outaouais River and the St. Lawrence River.\",\"breadcrumb\":{\"@id\":\"https:\/\/mrcvs.ca\/en\/citizens\/environment\/ghg\/#breadcrumb\"},\"inLanguage\":\"en-US\",\"potentialAction\":[{\"@type\":\"ReadAction\",\"target\":[\"https:\/\/mrcvs.ca\/en\/citizens\/environment\/ghg\/\"]}]},{\"@type\":\"BreadcrumbList\",\"@id\":\"https:\/\/mrcvs.ca\/en\/citizens\/environment\/ghg\/#breadcrumb\",\"itemListElement\":[{\"@type\":\"ListItem\",\"position\":1,\"name\":\"Accueil\",\"item\":\"https:\/\/mrcvs.ca\/en\/\"},{\"@type\":\"ListItem\",\"position\":2,\"name\":\"Citizens\",\"item\":\"https:\/\/mrcvs.ca\/en\/\"},{\"@type\":\"ListItem\",\"position\":3,\"name\":\"Environment\",\"item\":\"https:\/\/mrcvs.ca\/en\/citizens\/environment\/\"},{\"@type\":\"ListItem\",\"position\":4,\"name\":\"Greenhouse Gas (GHG)\"}]},{\"@type\":\"WebSite\",\"@id\":\"https:\/\/mrcvs.ca\/#website\",\"url\":\"https:\/\/mrcvs.ca\/\",\"name\":\"MRC de Vaudreuil-Soulanges\",\"description\":\"MRC of Vaudreuil-Soulanges \",\"publisher\":{\"@id\":\"https:\/\/mrcvs.ca\/#organization\"},\"potentialAction\":[{\"@type\":\"SearchAction\",\"target\":{\"@type\":\"EntryPoint\",\"urlTemplate\":\"https:\/\/mrcvs.ca\/?s={search_term_string}\"},\"query-input\":\"required name=search_term_string\"}],\"inLanguage\":\"en-US\"},{\"@type\":\"Organization\",\"@id\":\"https:\/\/mrcvs.ca\/#organization\",\"name\":\"MRC Vaudreuil-Soulanges\",\"url\":\"https:\/\/mrcvs.ca\/\",\"logo\":{\"@type\":\"ImageObject\",\"inLanguage\":\"en-US\",\"@id\":\"https:\/\/mrcvs.ca\/#\/schema\/logo\/image\/\",\"url\":\"https:\/\/mrcvs.ca\/wp-content\/uploads\/2018\/10\/MRC_VS_LOGO.png\",\"contentUrl\":\"https:\/\/mrcvs.ca\/wp-content\/uploads\/2018\/10\/MRC_VS_LOGO.png\",\"width\":1080,\"height\":460,\"caption\":\"MRC Vaudreuil-Soulanges\"},\"image\":{\"@id\":\"https:\/\/mrcvs.ca\/#\/schema\/logo\/image\/\"},\"sameAs\":[\"https:\/\/www.facebook.com\/mrcvaudreuilsoulanges\/\"]}]}<\/script>\n<!-- \/ Yoast SEO plugin. -->","yoast_head_json":{"title":"Greenhouse Gas (GHG) - MRC of Vaudreuil-Soulanges","description":"The MRC de Vaudreuil-Soulanges enforces its regulations governing matters relating to the outflow of watercourses and plans the management of all watercourses under its jurisdiction, excluding the Outaouais River and the St. Lawrence River.","robots":{"index":"index","follow":"follow","max-snippet":"max-snippet:-1","max-image-preview":"max-image-preview:large","max-video-preview":"max-video-preview:-1"},"canonical":"https:\/\/mrcvs.ca\/en\/citizens\/environment\/ghg\/","og_locale":"en_US","og_type":"article","og_title":"Greenhouse Gas (GHG) - MRC of Vaudreuil-Soulanges","og_description":"The MRC de Vaudreuil-Soulanges enforces its regulations governing matters relating to the outflow of watercourses and plans the management of all watercourses under its jurisdiction, excluding the Outaouais River and the St. Lawrence River.","og_url":"https:\/\/mrcvs.ca\/en\/citizens\/environment\/ghg\/","og_site_name":"MRC of Vaudreuil-Soulanges","article_publisher":"https:\/\/www.facebook.com\/mrcvaudreuilsoulanges\/","article_modified_time":"2022-12-20T16:34:36+00:00","twitter_card":"summary_large_image","twitter_misc":{"Est. reading time":"16 minutes"},"schema":{"@context":"https:\/\/schema.org","@graph":[{"@type":"WebPage","@id":"https:\/\/mrcvs.ca\/en\/citizens\/environment\/ghg\/","url":"https:\/\/mrcvs.ca\/en\/citizens\/environment\/ghg\/","name":"Greenhouse Gas (GHG) - MRC of Vaudreuil-Soulanges","isPartOf":{"@id":"https:\/\/mrcvs.ca\/#website"},"datePublished":"2022-12-06T21:15:53+00:00","dateModified":"2022-12-20T16:34:36+00:00","description":"The MRC de Vaudreuil-Soulanges enforces its regulations governing matters relating to the outflow of watercourses and plans the management of all watercourses under its jurisdiction, excluding the Outaouais River and the St. Lawrence River.","breadcrumb":{"@id":"https:\/\/mrcvs.ca\/en\/citizens\/environment\/ghg\/#breadcrumb"},"inLanguage":"en-US","potentialAction":[{"@type":"ReadAction","target":["https:\/\/mrcvs.ca\/en\/citizens\/environment\/ghg\/"]}]},{"@type":"BreadcrumbList","@id":"https:\/\/mrcvs.ca\/en\/citizens\/environment\/ghg\/#breadcrumb","itemListElement":[{"@type":"ListItem","position":1,"name":"Accueil","item":"https:\/\/mrcvs.ca\/en\/"},{"@type":"ListItem","position":2,"name":"Citizens","item":"https:\/\/mrcvs.ca\/en\/"},{"@type":"ListItem","position":3,"name":"Environment","item":"https:\/\/mrcvs.ca\/en\/citizens\/environment\/"},{"@type":"ListItem","position":4,"name":"Greenhouse Gas (GHG)"}]},{"@type":"WebSite","@id":"https:\/\/mrcvs.ca\/#website","url":"https:\/\/mrcvs.ca\/","name":"MRC de Vaudreuil-Soulanges","description":"MRC of Vaudreuil-Soulanges ","publisher":{"@id":"https:\/\/mrcvs.ca\/#organization"},"potentialAction":[{"@type":"SearchAction","target":{"@type":"EntryPoint","urlTemplate":"https:\/\/mrcvs.ca\/?s={search_term_string}"},"query-input":"required name=search_term_string"}],"inLanguage":"en-US"},{"@type":"Organization","@id":"https:\/\/mrcvs.ca\/#organization","name":"MRC Vaudreuil-Soulanges","url":"https:\/\/mrcvs.ca\/","logo":{"@type":"ImageObject","inLanguage":"en-US","@id":"https:\/\/mrcvs.ca\/#\/schema\/logo\/image\/","url":"https:\/\/mrcvs.ca\/wp-content\/uploads\/2018\/10\/MRC_VS_LOGO.png","contentUrl":"https:\/\/mrcvs.ca\/wp-content\/uploads\/2018\/10\/MRC_VS_LOGO.png","width":1080,"height":460,"caption":"MRC Vaudreuil-Soulanges"},"image":{"@id":"https:\/\/mrcvs.ca\/#\/schema\/logo\/image\/"},"sameAs":["https:\/\/www.facebook.com\/mrcvaudreuilsoulanges\/"]}]}},"_links":{"self":[{"href":"https:\/\/mrcvs.ca\/en\/wp-json\/wp\/v2\/pages\/12883"}],"collection":[{"href":"https:\/\/mrcvs.ca\/en\/wp-json\/wp\/v2\/pages"}],"about":[{"href":"https:\/\/mrcvs.ca\/en\/wp-json\/wp\/v2\/types\/page"}],"author":[{"embeddable":true,"href":"https:\/\/mrcvs.ca\/en\/wp-json\/wp\/v2\/users\/5"}],"replies":[{"embeddable":true,"href":"https:\/\/mrcvs.ca\/en\/wp-json\/wp\/v2\/comments?post=12883"}],"version-history":[{"count":0,"href":"https:\/\/mrcvs.ca\/en\/wp-json\/wp\/v2\/pages\/12883\/revisions"}],"up":[{"embeddable":true,"href":"https:\/\/mrcvs.ca\/en\/wp-json\/wp\/v2\/pages\/7073"}],"wp:attachment":[{"href":"https:\/\/mrcvs.ca\/en\/wp-json\/wp\/v2\/media?parent=12883"}],"curies":[{"name":"wp","href":"https:\/\/api.w.org\/{rel}","templated":true}]}}