{"version":"1.0","provider_name":"MRC of Vaudreuil-Soulanges ","provider_url":"https:\/\/mrcvs.ca\/en\/","author_name":"Marie-Eve Gingras-Gosselin","author_url":"https:\/\/mrcvs.ca\/en\/author\/marie-eve\/","title":"La MRC de Vaudreuil-Soulanges adopte son Fonds d\u2019aide d\u2019urgence aux petites et moyennes entreprises : Le FLI Urgence PME - MRC of Vaudreuil-Soulanges","type":"rich","width":600,"height":338,"html":"<blockquote class=\"wp-embedded-content\" data-secret=\"rTqAGRpgjh\"><a href=\"https:\/\/mrcvs.ca\/en\/fli-urgence-pme\/\">La MRC de Vaudreuil-Soulanges adopte son Fonds d\u2019aide d\u2019urgence aux petites et moyennes entreprises : Le FLI Urgence PME<\/a><\/blockquote><iframe sandbox=\"allow-scripts\" security=\"restricted\" src=\"https:\/\/mrcvs.ca\/en\/fli-urgence-pme\/embed\/#?secret=rTqAGRpgjh\" width=\"600\" height=\"338\" title=\"&#8220;La MRC de Vaudreuil-Soulanges adopte son Fonds d\u2019aide d\u2019urgence aux petites et moyennes entreprises : Le FLI Urgence PME&#8221; &#8212; MRC of Vaudreuil-Soulanges \" data-secret=\"rTqAGRpgjh\" frameborder=\"0\" marginwidth=\"0\" marginheight=\"0\" scrolling=\"no\" class=\"wp-embedded-content\"><\/iframe><script type=\"text\/javascript\">\n\/* <![CDATA[ *\/\n\/*! This file is auto-generated *\/\n!function(d,l){\"use strict\";l.querySelector&&d.addEventListener&&\"undefined\"!=typeof URL&&(d.wp=d.wp||{},d.wp.receiveEmbedMessage||(d.wp.receiveEmbedMessage=function(e){var t=e.data;if((t||t.secret||t.message||t.value)&&!\/[^a-zA-Z0-9]\/.test(t.secret)){for(var s,r,n,a=l.querySelectorAll('iframe[data-secret=\"'+t.secret+'\"]'),o=l.querySelectorAll('blockquote[data-secret=\"'+t.secret+'\"]'),c=new RegExp(\"^https?:$\",\"i\"),i=0;i<o.length;i++)o[i].style.display=\"none\";for(i=0;i<a.length;i++)s=a[i],e.source===s.contentWindow&&(s.removeAttribute(\"style\"),\"height\"===t.message?(1e3<(r=parseInt(t.value,10))?r=1e3:~~r<200&&(r=200),s.height=r):\"link\"===t.message&&(r=new URL(s.getAttribute(\"src\")),n=new URL(t.value),c.test(n.protocol))&&n.host===r.host&&l.activeElement===s&&(d.top.location.href=t.value))}},d.addEventListener(\"message\",d.wp.receiveEmbedMessage,!1),l.addEventListener(\"DOMContentLoaded\",function(){for(var e,t,s=l.querySelectorAll(\"iframe.wp-embedded-content\"),r=0;r<s.length;r++)(t=(e=s[r]).getAttribute(\"data-secret\"))||(t=Math.random().toString(36).substring(2,12),e.src+=\"#?secret=\"+t,e.setAttribute(\"data-secret\",t)),e.contentWindow.postMessage({message:\"ready\",secret:t},\"*\")},!1)))}(window,document);\n\/* ]]> *\/\n<\/script>\n","thumbnail_url":"https:\/\/mrcvs.ca\/wp-content\/uploads\/2020\/04\/DEV_MRC_FLI_PME-1.jpg","thumbnail_width":2501,"thumbnail_height":1668,"description":"Vaudreuil-Dorion, 16 avril 2020 \u2013\u00a0Lors de la s\u00e9ance ordinaire du conseil du 15 avril, le Conseil des maires de la MRC de Vaudreuil-Soulanges a proc\u00e9d\u00e9 \u00e0 la signature d\u2019une entente avec le minist\u00e8re de l\u2019\u00c9conomie et de l\u2019Innovation qui permet la mise en place du nouveau programme d\u2019aide afin de soutenir les petites et moyennes [&hellip;]"}