{"version":"1.0","provider_name":"MRC of Vaudreuil-Soulanges ","provider_url":"https:\/\/mrcvs.ca\/en\/","author_name":"Caroline Savard","author_url":"https:\/\/mrcvs.ca\/en\/author\/caroline\/","title":"Alerte m\u00e9t\u00e9o | Fermeture des bureaux - MRC of Vaudreuil-Soulanges","type":"rich","width":600,"height":338,"html":"<blockquote class=\"wp-embedded-content\" data-secret=\"rTVQ9tqm1z\"><a href=\"https:\/\/mrcvs.ca\/en\/alerte-meteo-fermeture-des-bureaux\/\">Alerte m\u00e9t\u00e9o | Fermeture des bureaux<\/a><\/blockquote><iframe sandbox=\"allow-scripts\" security=\"restricted\" src=\"https:\/\/mrcvs.ca\/en\/alerte-meteo-fermeture-des-bureaux\/embed\/#?secret=rTVQ9tqm1z\" width=\"600\" height=\"338\" title=\"&#8220;Alerte m\u00e9t\u00e9o | Fermeture des bureaux&#8221; &#8212; MRC of Vaudreuil-Soulanges \" data-secret=\"rTVQ9tqm1z\" frameborder=\"0\" marginwidth=\"0\" marginheight=\"0\" scrolling=\"no\" class=\"wp-embedded-content\"><\/iframe><script type=\"text\/javascript\">\n\/* <![CDATA[ *\/\n\/*! This file is auto-generated *\/\n!function(d,l){\"use strict\";l.querySelector&&d.addEventListener&&\"undefined\"!=typeof URL&&(d.wp=d.wp||{},d.wp.receiveEmbedMessage||(d.wp.receiveEmbedMessage=function(e){var t=e.data;if((t||t.secret||t.message||t.value)&&!\/[^a-zA-Z0-9]\/.test(t.secret)){for(var s,r,n,a=l.querySelectorAll('iframe[data-secret=\"'+t.secret+'\"]'),o=l.querySelectorAll('blockquote[data-secret=\"'+t.secret+'\"]'),c=new RegExp(\"^https?:$\",\"i\"),i=0;i<o.length;i++)o[i].style.display=\"none\";for(i=0;i<a.length;i++)s=a[i],e.source===s.contentWindow&&(s.removeAttribute(\"style\"),\"height\"===t.message?(1e3<(r=parseInt(t.value,10))?r=1e3:~~r<200&&(r=200),s.height=r):\"link\"===t.message&&(r=new URL(s.getAttribute(\"src\")),n=new URL(t.value),c.test(n.protocol))&&n.host===r.host&&l.activeElement===s&&(d.top.location.href=t.value))}},d.addEventListener(\"message\",d.wp.receiveEmbedMessage,!1),l.addEventListener(\"DOMContentLoaded\",function(){for(var e,t,s=l.querySelectorAll(\"iframe.wp-embedded-content\"),r=0;r<s.length;r++)(t=(e=s[r]).getAttribute(\"data-secret\"))||(t=Math.random().toString(36).substring(2,12),e.src+=\"#?secret=\"+t,e.setAttribute(\"data-secret\",t)),e.contentWindow.postMessage({message:\"ready\",secret:t},\"*\")},!1)))}(window,document);\n\/* ]]> *\/\n<\/script>\n","thumbnail_url":"https:\/\/mrcvs.ca\/wp-content\/uploads\/2026\/03\/Capture-decran-2026-03-10-152036-1024x538.png","thumbnail_width":1024,"thumbnail_height":538,"description":"Un \u00e9pisode de pluie vergla\u00e7ante est pr\u00e9vu dans la r\u00e9gion le mercredi 11 mars. Ces conditions pourraient rendre les routes, trottoirs et entr\u00e9es tr\u00e8s glissants et provoquer des pannes de courant \u00e0 certains endroits. En raison des conditions m\u00e9t\u00e9orologiques annonc\u00e9es, les bureaux de la MRC de Vaudreuil-Soulanges et de la cour municipale r\u00e9gionale seront \ud835\uddf2\ud835\ude05\ud835\uddf0\ud835\uddf2\ud835\uddfd\ud835\ude01\ud835\uddf6\ud835\uddfc\ud835\uddfb\ud835\uddfb\ud835\uddf2\ud835\uddf9\ud835\uddf9\ud835\uddf2\ud835\uddfa\ud835\uddf2\ud835\uddfb\ud835\ude01 [&hellip;]"}